{"id":56878,"date":"2026-04-29T21:17:19","date_gmt":"2026-04-29T21:17:19","guid":{"rendered":"https:\/\/cig22.com\/?post_type=el-tallo&#038;p=56878"},"modified":"2026-04-29T23:05:55","modified_gmt":"2026-04-29T23:05:55","slug":"por-que-dijo-pablo-ojala-se-mutilaran-a-si-mismos","status":"publish","type":"red-de-preguntas","link":"https:\/\/cig22.com\/ru\/red-de-preguntas\/por-que-dijo-pablo-ojala-se-mutilaran-a-si-mismos\/","title":{"rendered":"\u00bfPor qu\u00e9 dijo Pablo: \u201cOjal\u00e1 se mutilaran a s\u00ed mismos\u201d?"},"content":{"rendered":"<div data-elementor-type=\"wp-post\" data-elementor-id=\"56878\" class=\"elementor elementor-56878\" data-elementor-post-type=\"red-de-preguntas\">\n\t\t\t\t\t\t<section class=\"elementor-section elementor-top-section elementor-element elementor-element-0b2c82f elementor-section-full_width elementor-section-stretched elementor-section-height-default elementor-section-height-default\" data-id=\"0b2c82f\" data-element_type=\"section\" data-e-type=\"section\" data-settings=\"{&quot;stretch_section&quot;:&quot;section-stretched&quot;,&quot;background_background&quot;:&quot;classic&quot;}\">\n\t\t\t\t\t\t<div class=\"elementor-container elementor-column-gap-no\">\n\t\t\t\t\t<div class=\"elementor-column elementor-col-100 elementor-top-column elementor-element elementor-element-99f01a2\" data-id=\"99f01a2\" data-element_type=\"column\" data-e-type=\"column\">\n\t\t\t<div class=\"elementor-widget-wrap elementor-element-populated\">\n\t\t\t\t\t\t<div class=\"elementor-element elementor-element-5453633 elementor-widget elementor-widget-image\" data-id=\"5453633\" data-element_type=\"widget\" data-e-type=\"widget\" data-widget_type=\"image.default\">\n\t\t\t\t<div class=\"elementor-widget-container\">\n\t\t\t\t\t\t\t\t\t\t\t\t\t\t\t<img fetchpriority=\"high\" decoding=\"async\" width=\"549\" height=\"116\" src=\"https:\/\/cig22.com\/wp-content\/uploads\/el-tallo-white.png\" class=\"attachment-large size-large wp-image-21194\" alt=\"\" srcset=\"https:\/\/cig22.com\/wp-content\/uploads\/el-tallo-white.png 549w, https:\/\/cig22.com\/wp-content\/uploads\/el-tallo-white-300x63.png 300w, https:\/\/cig22.com\/wp-content\/uploads\/el-tallo-white-18x4.png 18w\" sizes=\"(max-width: 549px) 100vw, 549px\" \/>\t\t\t\t\t\t\t\t\t\t\t\t\t\t\t<\/div>\n\t\t\t\t<\/div>\n\t\t\t\t\t<\/div>\n\t\t<\/div>\n\t\t\t\t\t<\/div>\n\t\t<\/section>\n\t\t\t\t<section class=\"elementor-section elementor-top-section elementor-element elementor-element-951ff1e elementor-section-full_width elementor-section-height-default elementor-section-height-default\" data-id=\"951ff1e\" data-element_type=\"section\" data-e-type=\"section\">\n\t\t\t\t\t\t<div class=\"elementor-container elementor-column-gap-no\">\n\t\t\t\t\t<div class=\"elementor-column elementor-col-100 elementor-top-column elementor-element elementor-element-342aea1\" data-id=\"342aea1\" data-element_type=\"column\" data-e-type=\"column\">\n\t\t\t<div class=\"elementor-widget-wrap elementor-element-populated\">\n\t\t\t\t\t\t<div class=\"elementor-element elementor-element-0f54e0f elementor-widget elementor-widget-heading\" data-id=\"0f54e0f\" data-element_type=\"widget\" data-e-type=\"widget\" data-widget_type=\"heading.default\">\n\t\t\t\t<div class=\"elementor-widget-container\">\n\t\t\t\t\t<h2 class=\"elementor-heading-title elementor-size-default\">\u00bfPor qu\u00e9 dijo Pablo: \u201cOjal\u00e1 se mutilaran a s\u00ed mismos\u201d?<\/h2>\t\t\t\t<\/div>\n\t\t\t\t<\/div>\n\t\t\t\t<div class=\"elementor-element elementor-element-54439f0 elementor-widget elementor-widget-text-editor\" data-id=\"54439f0\" data-element_type=\"widget\" data-e-type=\"widget\" data-widget_type=\"text-editor.default\">\n\t\t\t\t<div class=\"elementor-widget-container\">\n\t\t\t\t\t\t\t\t\t<h4 id=\"h-galatians-5-12-nkjv\" class=\"wp-block-heading\"><strong><span dir=\"auto\"><span class=\"\" dir=\"auto\">G\u00e1latas 5:12 <\/span><\/span><\/strong><\/h4>\n<p><strong><span dir=\"auto\">\u201c\u00a1Ojal\u00e1 aquellos que te causan problemas se apartaran de ti!\u201d<\/span><\/strong><\/p>\n<p><span dir=\"auto\">Otras traducciones lo hacen a\u00fan m\u00e1s directo:<\/span><\/p>\n<p><strong><span dir=\"auto\"><span class=\"\" dir=\"auto\">\u201c\u00a1Ojal\u00e1 aquellos que te perturban se castraran!\u201d<\/span><\/span><\/strong><br>\n<strong><span dir=\"auto\"><span class=\"\" dir=\"auto\">\u201c\u00a1Ojal\u00e1 aquellos que te molestan tambi\u00e9n se dejaran mutilar!\u201d<\/span><\/span><\/strong><\/p>\n<p><span dir=\"auto\">Eso suena brutal.<\/span><\/p>\n<p><span dir=\"auto\">Suena tan chocante que muchos cristianos evitan explicarlo.<\/span><\/p>\n<p><span dir=\"auto\">\u00bfPor qu\u00e9 dir\u00eda Pablo algo as\u00ed?<\/span><\/p>\n<p><span dir=\"auto\">\u00bfEstaba enojado? \u00bf<\/span><br>\n<span dir=\"auto\">Estaba siendo cruel?<\/span><br>\n<span dir=\"auto\">\u00bfEstaba perdiendo el control? \u00bf<\/span><br>\n<span dir=\"auto\">Estaba insultando a la gente sin motivo?<\/span><\/p>\n<p><span dir=\"auto\">No.<\/span><\/p>\n<p><span dir=\"auto\"><span class=\"\" dir=\"auto\">Pablo utilizaba un lenguaje duro porque el evangelio mismo estaba siendo atacado.<\/span><\/span><\/p>\n<p><span dir=\"auto\">No se trataba de un desacuerdo menor sobre la tradici\u00f3n de la iglesia.<\/span><\/p>\n<p><span dir=\"auto\">Esta fue una batalla sobre si Jesucristo es suficiente. &nbsp;<\/span><\/p>\n<div class=\"wp-block-image\">\n<figure class=\"aligncenter size-large is-resized\"><img decoding=\"async\" class=\"wp-image-14467 lazyautosizes lazyloaded\" src=\"https:\/\/evidence-for-the-bible.com\/wp-content\/uploads\/2026\/04\/Why-Did-Paul-Say-I-Wish-They-Would-Mutilate-Themselves-2-1024x652.webp\" sizes=\"600px\" srcset=\"https:\/\/evidence-for-the-bible.com\/wp-content\/uploads\/2026\/04\/Why-Did-Paul-Say-I-Wish-They-Would-Mutilate-Themselves-2-1024x652.webp 1024w, https:\/\/evidence-for-the-bible.com\/wp-content\/uploads\/2026\/04\/Why-Did-Paul-Say-I-Wish-They-Would-Mutilate-Themselves-2-300x191.webp 300w, https:\/\/evidence-for-the-bible.com\/wp-content\/uploads\/2026\/04\/Why-Did-Paul-Say-I-Wish-They-Would-Mutilate-Themselves-2-768x489.webp 768w, https:\/\/evidence-for-the-bible.com\/wp-content\/uploads\/2026\/04\/Why-Did-Paul-Say-I-Wish-They-Would-Mutilate-Themselves-2-1536x977.webp 1536w, https:\/\/evidence-for-the-bible.com\/wp-content\/uploads\/2026\/04\/Why-Did-Paul-Say-I-Wish-They-Would-Mutilate-Themselves-2-953x606.webp 953w, https:\/\/evidence-for-the-bible.com\/wp-content\/uploads\/2026\/04\/Why-Did-Paul-Say-I-Wish-They-Would-Mutilate-Themselves-2-562x358.webp 562w, https:\/\/evidence-for-the-bible.com\/wp-content\/uploads\/2026\/04\/Why-Did-Paul-Say-I-Wish-They-Would-Mutilate-Themselves-2-150x95.webp 150w, https:\/\/evidence-for-the-bible.com\/wp-content\/uploads\/2026\/04\/Why-Did-Paul-Say-I-Wish-They-Would-Mutilate-Themselves-2.webp 1650w\" alt=\"\" width=\"1024\" height=\"652\" data-src=\"https:\/\/evidence-for-the-bible.com\/wp-content\/uploads\/2026\/04\/Why-Did-Paul-Say-I-Wish-They-Would-Mutilate-Themselves-2-1024x652.webp\" data-srcset=\"https:\/\/evidence-for-the-bible.com\/wp-content\/uploads\/2026\/04\/Why-Did-Paul-Say-I-Wish-They-Would-Mutilate-Themselves-2-1024x652.webp 1024w, https:\/\/evidence-for-the-bible.com\/wp-content\/uploads\/2026\/04\/Why-Did-Paul-Say-I-Wish-They-Would-Mutilate-Themselves-2-300x191.webp 300w, https:\/\/evidence-for-the-bible.com\/wp-content\/uploads\/2026\/04\/Why-Did-Paul-Say-I-Wish-They-Would-Mutilate-Themselves-2-768x489.webp 768w, https:\/\/evidence-for-the-bible.com\/wp-content\/uploads\/2026\/04\/Why-Did-Paul-Say-I-Wish-They-Would-Mutilate-Themselves-2-1536x977.webp 1536w, https:\/\/evidence-for-the-bible.com\/wp-content\/uploads\/2026\/04\/Why-Did-Paul-Say-I-Wish-They-Would-Mutilate-Themselves-2-953x606.webp 953w, https:\/\/evidence-for-the-bible.com\/wp-content\/uploads\/2026\/04\/Why-Did-Paul-Say-I-Wish-They-Would-Mutilate-Themselves-2-562x358.webp 562w, https:\/\/evidence-for-the-bible.com\/wp-content\/uploads\/2026\/04\/Why-Did-Paul-Say-I-Wish-They-Would-Mutilate-Themselves-2-150x95.webp 150w, https:\/\/evidence-for-the-bible.com\/wp-content\/uploads\/2026\/04\/Why-Did-Paul-Say-I-Wish-They-Would-Mutilate-Themselves-2.webp 1650w\" data-sizes=\"auto\" data-eio-rwidth=\"1024\" data-eio-rheight=\"652\"><p><\/p>\n<figcaption class=\"wp-element-caption\"><span dir=\"auto\">G\u00e1latas es la defensa m\u00e1s vehemente que Pablo hace del evangelio de la gracia.<\/span><\/figcaption>\n<\/figure>\n<\/div>\n<hr class=\"wp-block-separator has-alpha-channel-opacity\">\n<h4 id=\"h-the-crisis-in-galatia-was-not-a-minor-issue\" class=\"wp-block-heading\"><strong><span dir=\"auto\">La crisis en Galacia no fue un asunto menor.<\/span><\/strong><\/h4>\n<p><span dir=\"auto\">Las iglesias de Galacia hab\u00edan recibido el evangelio de Pablo.<\/span><\/p>\n<p><span dir=\"auto\">Hab\u00edan o\u00eddo que los pecadores son justificados por la fe en Cristo, no por las obras de la ley.<\/span><\/p>\n<p><span dir=\"auto\">Entonces entraron otros profesores y dijeron algo que sonaba espiritual:<\/span><\/p>\n<p><strong><span dir=\"auto\"><span class=\"\" dir=\"auto\">\u201cLa fe en Jes\u00fas es buena, pero no es suficiente. Los creyentes gentiles tambi\u00e9n deben ser circuncidados y guardar la ley de Mois\u00e9s para pertenecer plenamente al pueblo de Dios.\u201d<\/span><\/span><\/strong><\/p>\n<p><span dir=\"auto\">Puede que parezca una peque\u00f1a adici\u00f3n.<\/span><\/p>\n<p><span dir=\"auto\">Pero Pablo vio el veneno de inmediato.<\/span><\/p>\n<p><span dir=\"auto\">Porque en el momento en que dices:<\/span><\/p>\n<p><strong><span dir=\"auto\">\u201cJes\u00fas m\u00e1s la circuncisi\u00f3n\u201d<\/span><\/strong><\/p>\n<p><span dir=\"auto\">Ya no conf\u00edas solo en Jes\u00fas.<\/span><\/p>\n<p><span dir=\"auto\">Y si Jes\u00fas no es suficiente, entonces el evangelio ha sido destruido.<\/span><\/p>\n<p><span dir=\"auto\">Por eso la Ep\u00edstola a los G\u00e1latas es tan intensa.<\/span><\/p>\n<p><span dir=\"auto\">Pablo no est\u00e1 hablando con calma sobre un tema secundario.<\/span><\/p>\n<p><span dir=\"auto\">\u00c9l est\u00e1 defendiendo la esencia del cristianismo.<\/span><\/p>\n<div class=\"wp-block-image\">\n<figure class=\"aligncenter size-full is-resized\"><img decoding=\"async\" class=\"wp-image-14468 lazyautosizes lazyloaded\" src=\"https:\/\/evidence-for-the-bible.com\/wp-content\/uploads\/2026\/04\/Why-Did-Paul-Say-I-Wish-They-Would-Mutilate-Themselves-3.webp\" sizes=\"666px\" srcset=\"https:\/\/evidence-for-the-bible.com\/wp-content\/uploads\/2026\/04\/Why-Did-Paul-Say-I-Wish-They-Would-Mutilate-Themselves-3.webp 736w, https:\/\/evidence-for-the-bible.com\/wp-content\/uploads\/2026\/04\/Why-Did-Paul-Say-I-Wish-They-Would-Mutilate-Themselves-3-300x172.webp 300w, https:\/\/evidence-for-the-bible.com\/wp-content\/uploads\/2026\/04\/Why-Did-Paul-Say-I-Wish-They-Would-Mutilate-Themselves-3-562x321.webp 562w, https:\/\/evidence-for-the-bible.com\/wp-content\/uploads\/2026\/04\/Why-Did-Paul-Say-I-Wish-They-Would-Mutilate-Themselves-3-150x86.webp 150w\" alt=\"\" width=\"736\" height=\"421\" data-src=\"https:\/\/evidence-for-the-bible.com\/wp-content\/uploads\/2026\/04\/Why-Did-Paul-Say-I-Wish-They-Would-Mutilate-Themselves-3.webp\" data-srcset=\"https:\/\/evidence-for-the-bible.com\/wp-content\/uploads\/2026\/04\/Why-Did-Paul-Say-I-Wish-They-Would-Mutilate-Themselves-3.webp 736w, https:\/\/evidence-for-the-bible.com\/wp-content\/uploads\/2026\/04\/Why-Did-Paul-Say-I-Wish-They-Would-Mutilate-Themselves-3-300x172.webp 300w, https:\/\/evidence-for-the-bible.com\/wp-content\/uploads\/2026\/04\/Why-Did-Paul-Say-I-Wish-They-Would-Mutilate-Themselves-3-562x321.webp 562w, https:\/\/evidence-for-the-bible.com\/wp-content\/uploads\/2026\/04\/Why-Did-Paul-Say-I-Wish-They-Would-Mutilate-Themselves-3-150x86.webp 150w\" data-sizes=\"auto\" data-eio-rwidth=\"736\" data-eio-rheight=\"421\"><p><\/p>\n<figcaption class=\"wp-element-caption\"><span dir=\"auto\">A los g\u00e1latas se les dec\u00eda que la fe en Cristo no era suficiente a menos que a\u00f1adieran la circuncisi\u00f3n.<\/span><\/figcaption>\n<\/figure>\n<\/div>\n<hr class=\"wp-block-separator has-alpha-channel-opacity\">\n<h4 id=\"h-circumcision-was-not-the-problem-by-itself\" class=\"wp-block-heading\"><strong><span dir=\"auto\">La circuncisi\u00f3n no era el problema en s\u00ed mismo.<\/span><\/strong><\/h4>\n<p><span dir=\"auto\">Esta parte es importante.<\/span><\/p>\n<p><span dir=\"auto\">Pablo no estaba diciendo que la circuncisi\u00f3n en s\u00ed misma fuera siempre pecaminosa.<\/span><\/p>\n<p><span dir=\"auto\">El propio Pablo circuncid\u00f3 a Timoteo en Hechos 16 porque Timoteo ten\u00eda una madre jud\u00eda y el problema radicaba en el acceso de los misioneros a la comunidad jud\u00eda.<\/span><\/p>\n<p><span dir=\"auto\">Por lo tanto, la circuncisi\u00f3n como pr\u00e1ctica cultural o \u00e9tnica no era el problema.<\/span><\/p>\n<p><span dir=\"auto\">El problema en G\u00e1latas era diferente.<\/span><\/p>\n<p><span dir=\"auto\">Los falsos maestros dec\u00edan que la circuncisi\u00f3n era necesaria para que los creyentes gentiles fueran plenamente aceptados por Dios.<\/span><\/p>\n<p><span dir=\"auto\">Eso lo cambia todo.<\/span><\/p>\n<p><span dir=\"auto\">Pablo dice:<\/span><\/p>\n<h4 id=\"h-galatians-5-2-nkjv\" class=\"wp-block-heading\"><strong><img decoding=\"async\" class=\"emoji\" role=\"img\" draggable=\"false\" src=\"https:\/\/s.w.org\/images\/core\/emoji\/17.0.2\/svg\/1f4d6.svg\" alt=\"\ud83d\udcd6\"><span dir=\"auto\">G\u00e1latas 5:2 <\/span><\/strong><\/h4>\n<p><strong><span dir=\"auto\">\u00abEn verdad, yo, Pablo, os digo que si os circuncid\u00e1is, Cristo no os servir\u00e1 de nada.\u00bb<\/span><\/strong><\/p>\n<p><span dir=\"auto\">Eso es explosivo.<\/span><\/p>\n<p><span dir=\"auto\">Pablo est\u00e1 diciendo:<\/span><\/p>\n<p><span dir=\"auto\">Si aceptas la circuncisi\u00f3n como requisito para la salvaci\u00f3n, Cristo deja de serte \u00fatil.<\/span><\/p>\n<p><span dir=\"auto\">\u00bfPor qu\u00e9?<\/span><\/p>\n<p><span dir=\"auto\">Porque has cambiado la base de tu posici\u00f3n ante Dios.<\/span><\/p>\n<p><span dir=\"auto\">Ya no est\u00e1s diciendo:<\/span><\/p>\n<p><strong><span dir=\"auto\">\u201cCristo es suficiente.\u201d<\/span><\/strong><\/p>\n<p><span dir=\"auto\">Est\u00e1s diciendo:<\/span><\/p>\n<p><strong><span dir=\"auto\">\u201cCristo no es suficiente a menos que yo le a\u00f1ada algo.\u201d<\/span><\/strong><\/p>\n<p><span dir=\"auto\">Y si a\u00f1ades algo a Cristo como condici\u00f3n para la salvaci\u00f3n, no has mejorado el evangelio.<\/span><\/p>\n<p><span dir=\"auto\">Lo has abandonado.<\/span><\/p>\n<hr class=\"wp-block-separator has-alpha-channel-opacity\">\n<h4 id=\"h-either-christ-is-everything-or-christ-profits-you-nothing\" class=\"wp-block-heading\"><strong><img decoding=\"async\" class=\"emoji\" role=\"img\" draggable=\"false\" src=\"https:\/\/s.w.org\/images\/core\/emoji\/17.0.2\/svg\/2696.svg\" alt=\"\u2696\ufe0f\"><span dir=\"auto\">O Cristo lo es todo, o Cristo no te sirve de nada.<\/span><\/strong><\/h4>\n<p><span dir=\"auto\">La l\u00f3gica de Paul es severa porque el problema es severo.<\/span><\/p>\n<p><span dir=\"auto\">No existe una posici\u00f3n intermedia en la que Jes\u00fas sea casi suficiente.<\/span><\/p>\n<p><span dir=\"auto\">O Cristo salva completamente, o no salva en absoluto.<\/span><\/p>\n<p><span dir=\"auto\">Pablo dice:<\/span><\/p>\n<h4 id=\"h-galatians-5-4-nkjv\" class=\"wp-block-heading\"><strong><img decoding=\"async\" class=\"emoji\" role=\"img\" draggable=\"false\" src=\"https:\/\/s.w.org\/images\/core\/emoji\/17.0.2\/svg\/1f4d6.svg\" alt=\"\ud83d\udcd6\"><span dir=\"auto\">G\u00e1latas 5:4 <\/span><\/strong><\/h4>\n<p><strong><span dir=\"auto\">\u201cOs hab\u00e9is alejado de Cristo, vosotros que intent\u00e1is justificaros por la ley; hab\u00e9is ca\u00eddo de la gracia.\u201d<\/span><\/strong><\/p>\n<p><span dir=\"auto\">Eso significa que no se trataba de \u00abestar m\u00e1s comprometido\u00bb.<\/span><\/p>\n<p><span dir=\"auto\">Se trataba de cambiar los cimientos.<\/span><\/p>\n<p><span dir=\"auto\">Si una persona dice:<\/span><\/p>\n<ul class=\"wp-block-list\">\n<li><span dir=\"auto\">\u201cNecesito a Cristo m\u00e1s la circuncisi\u00f3n\u201d<\/span><\/li>\n<li><span dir=\"auto\">\u201cNecesito a Cristo y adem\u00e1s obedecer la ley\u201d<\/span><\/li>\n<li><span dir=\"auto\">\u201cNecesito a Cristo m\u00e1s mi pr\u00e1ctica religiosa\u201d<\/span><\/li>\n<li><span dir=\"auto\">\u201cNecesito a Cristo m\u00e1s mis marcas espirituales visibles\u201d<\/span><\/li>\n<\/ul>\n<p><span dir=\"auto\">entonces esa persona ya no est\u00e1 descansando en la gracia.<\/span><\/p>\n<p><span dir=\"auto\">Est\u00e1 tratando de justificarse mediante algo que se le a\u00f1ade a Cristo.<\/span><\/p>\n<p><span dir=\"auto\">Pablo no tolerar\u00eda eso.<\/span><\/p>\n<p><span dir=\"auto\">Ni por un instante.<\/span><\/p>\n<hr class=\"wp-block-separator has-alpha-channel-opacity\">\n<h4 id=\"h-why-paul-s-words-are-so-harsh\" class=\"wp-block-heading\"><strong><img decoding=\"async\" class=\"emoji\" role=\"img\" draggable=\"false\" src=\"https:\/\/s.w.org\/images\/core\/emoji\/17.0.2\/svg\/1f9e8.svg\" alt=\"\ud83e\udde8\"><span dir=\"auto\">\u00bfPor qu\u00e9 las palabras de Pablo son tan duras?<\/span><\/strong><\/h4>\n<p><span dir=\"auto\">Ahora podemos entender G\u00e1latas 5:12.<\/span><\/p>\n<p><span dir=\"auto\">Pablo dice:<\/span><\/p>\n<h4 id=\"h-galatians-5-12\" class=\"wp-block-heading\"><strong><img decoding=\"async\" class=\"emoji\" role=\"img\" draggable=\"false\" src=\"https:\/\/s.w.org\/images\/core\/emoji\/17.0.2\/svg\/1f4d6.svg\" alt=\"\ud83d\udcd6\"><span dir=\"auto\">G\u00e1latas 5:12<\/span><\/strong><\/h4>\n<p><strong><span dir=\"auto\">\u201c\u00a1Ojal\u00e1 aquellos que te causan problemas se apartaran de ti!\u201d<\/span><\/strong><\/p>\n<p><span dir=\"auto\">Los maestros insist\u00edan en que los creyentes gentiles deb\u00edan ser cortados en la carne.<\/span><\/p>\n<p><span dir=\"auto\">Paul responde con una iron\u00eda devastadora:<\/span><\/p>\n<p><strong><span dir=\"auto\">Si est\u00e1n tan obsesionados con cortar la carne, que lo hagan hasta el final.<\/span><\/strong><\/p>\n<p><span dir=\"auto\">Esa es la fuerza de la afirmaci\u00f3n.<\/span><\/p>\n<p><span dir=\"auto\">Pablo no est\u00e1 dando una orden pastoral literal para autolesionarse.<\/span><\/p>\n<p><span dir=\"auto\">Utiliza un sarcasmo agudo y prof\u00e9tico para exponer la l\u00f3gica absurda y peligrosa de los falsos maestros.<\/span><\/p>\n<p><span dir=\"auto\">En pocas palabras, Pablo est\u00e1 diciendo:<\/span><\/p>\n<p><strong><span dir=\"auto\">Si cortar la carne es tu camino hacia la santidad, entonces has malinterpretado el evangelio de tal manera que tu sistema se autodestruye.<\/span><\/strong><\/p>\n<p><span dir=\"auto\">Su lenguaje es severo porque sus ense\u00f1anzas eran espiritualmente mortales.<\/span><\/p>\n<hr class=\"wp-block-separator has-alpha-channel-opacity\">\n<h4 id=\"h-the-pagan-background-makes-paul-s-words-even-sharper\" class=\"wp-block-heading\"><strong><img decoding=\"async\" class=\"emoji\" role=\"img\" draggable=\"false\" src=\"https:\/\/s.w.org\/images\/core\/emoji\/17.0.2\/svg\/1f3db.svg\" alt=\"\ud83c\udfdb\ufe0f\"><span dir=\"auto\">El trasfondo pagano hace que las palabras de Pablo sean a\u00fan m\u00e1s incisivas.<\/span><\/strong><\/h4>\n<p><span dir=\"auto\">Galacia se encontraba en Asia Menor, una regi\u00f3n donde el culto a Cibeles era muy conocido.<\/span><\/p>\n<p><span dir=\"auto\">Cibeles era una diosa madre pagana, y sus sacerdotes, conocidos como los&nbsp;<\/span><strong><span dir=\"auto\">Galli<\/span><\/strong><span dir=\"auto\">&nbsp;, eran famosos por practicar la autocastraci\u00f3n ritual.<\/span><\/p>\n<p><span dir=\"auto\">Ese trasfondo importa.<\/span><\/p>\n<p><span dir=\"auto\">Los g\u00e1latas habr\u00edan comprendido la impactante comparaci\u00f3n.<\/span><\/p>\n<p><span dir=\"auto\">En esencia, Pablo est\u00e1 diciendo:<\/span><\/p>\n<p><strong><span dir=\"auto\">Si estos maestros creen que mutilar el cuerpo es lo que hace que alguien pertenezca a Dios, se comportan m\u00e1s como sacerdotes paganos que como siervos de Cristo.<\/span><\/strong><\/p>\n<p><span dir=\"auto\">Eso es brutal.<\/span><\/p>\n<p><span dir=\"auto\">Pero tambi\u00e9n es preciso.<\/span><\/p>\n<p><span dir=\"auto\">Los falsos maestros cre\u00edan que estaban defendiendo a Mois\u00e9s.<\/span><\/p>\n<p><span dir=\"auto\">Pablo dice que su l\u00f3gica en realidad se asemeja al paganismo:<\/span><\/p>\n<ul class=\"wp-block-list\">\n<li><span dir=\"auto\">corte corporal<\/span><\/li>\n<li><span dir=\"auto\">orgullo religioso<\/span><\/li>\n<li><span dir=\"auto\">marcas visibles<\/span><\/li>\n<li><span dir=\"auto\">prueba externa de pertenencia<\/span><\/li>\n<li><span dir=\"auto\">confianza en la carne<\/span><\/li>\n<\/ul>\n<p><span dir=\"auto\">Eso es lo contrario del evangelio.<\/span><\/p>\n<p><span dir=\"auto\">El evangelio dice que pertenecemos a Dios por Cristo crucificado, no por marcas religiosas en nuestros cuerpos.<\/span><\/p>\n<div class=\"wp-block-image\">\n<figure class=\"aligncenter size-full\"><img loading=\"lazy\" decoding=\"async\" class=\"wp-image-14469 lazyautosizes lazyloaded\" src=\"https:\/\/evidence-for-the-bible.com\/wp-content\/uploads\/2026\/04\/Why-Did-Paul-Say-I-Wish-They-Would-Mutilate-Themselves-4.jpg\" sizes=\"559px\" srcset=\"https:\/\/evidence-for-the-bible.com\/wp-content\/uploads\/2026\/04\/Why-Did-Paul-Say-I-Wish-They-Would-Mutilate-Themselves-4.jpg 559w, https:\/\/evidence-for-the-bible.com\/wp-content\/uploads\/2026\/04\/Why-Did-Paul-Say-I-Wish-They-Would-Mutilate-Themselves-4-300x174.jpg 300w, https:\/\/evidence-for-the-bible.com\/wp-content\/uploads\/2026\/04\/Why-Did-Paul-Say-I-Wish-They-Would-Mutilate-Themselves-4-150x87.jpg 150w\" alt=\"\" width=\"559\" height=\"324\" data-src=\"https:\/\/evidence-for-the-bible.com\/wp-content\/uploads\/2026\/04\/Why-Did-Paul-Say-I-Wish-They-Would-Mutilate-Themselves-4.jpg\" data-srcset=\"https:\/\/evidence-for-the-bible.com\/wp-content\/uploads\/2026\/04\/Why-Did-Paul-Say-I-Wish-They-Would-Mutilate-Themselves-4.jpg 559w, https:\/\/evidence-for-the-bible.com\/wp-content\/uploads\/2026\/04\/Why-Did-Paul-Say-I-Wish-They-Would-Mutilate-Themselves-4-300x174.jpg 300w, https:\/\/evidence-for-the-bible.com\/wp-content\/uploads\/2026\/04\/Why-Did-Paul-Say-I-Wish-They-Would-Mutilate-Themselves-4-150x87.jpg 150w\" data-sizes=\"auto\" data-eio-rwidth=\"559\" data-eio-rheight=\"324\"><p><\/p>\n<figcaption class=\"wp-element-caption\"><span dir=\"auto\">En Galacia, las palabras de Pablo habr\u00edan supuesto una impactante advertencia contra la religi\u00f3n basada en la carne.<\/span><\/figcaption>\n<\/figure>\n<\/div>\n<hr class=\"wp-block-separator has-alpha-channel-opacity\">\n<h4 id=\"h-deuteronomy-makes-the-rebuke-even-stronger\" class=\"wp-block-heading\"><strong><img decoding=\"async\" class=\"emoji\" role=\"img\" draggable=\"false\" src=\"https:\/\/s.w.org\/images\/core\/emoji\/17.0.2\/svg\/1f4dc.svg\" alt=\"\ud83d\udcdc\"><span dir=\"auto\">Deuteronomio hace que la reprensi\u00f3n sea a\u00fan m\u00e1s fuerte.<\/span><\/strong><\/h4>\n<p><span dir=\"auto\">La declaraci\u00f3n de Paul tambi\u00e9n conlleva importantes implicaciones legales.<\/span><\/p>\n<p><span dir=\"auto\">Los falsos maestros quer\u00edan imponer la ley de Mois\u00e9s.<\/span><\/p>\n<p><span dir=\"auto\">Pero la ley misma dice:<\/span><\/p>\n<h4 id=\"h-deuteronomy-23-1-nkjv\" class=\"wp-block-heading\"><strong><img decoding=\"async\" class=\"emoji\" role=\"img\" draggable=\"false\" src=\"https:\/\/s.w.org\/images\/core\/emoji\/17.0.2\/svg\/1f4d6.svg\" alt=\"\ud83d\udcd6\"><span dir=\"auto\">Deuteronomio 23:1 <\/span><\/strong><\/h4>\n<p><strong><span dir=\"auto\">\u00abQuien sea castrado por aplastamiento o mutilaci\u00f3n no entrar\u00e1 en la asamblea del Se\u00f1or.\u00bb<\/span><\/strong><\/p>\n<p><span dir=\"auto\">Eso significa que la iron\u00eda de Paul tiene dos vertientes.<\/span><\/p>\n<p><span dir=\"auto\">Si los judaizantes quieren vivir seg\u00fan la ley, entonces su obsesi\u00f3n con la mutilaci\u00f3n de la carne los lleva a un punto en el que la propia ley los condena.<\/span><\/p>\n<p><span dir=\"auto\">Ese es el punto.<\/span><\/p>\n<p><span dir=\"auto\">Pablo est\u00e1 usando su propia l\u00f3gica en su contra.<\/span><\/p>\n<p><span dir=\"auto\">Quieren alardear en carne y hueso.<\/span><\/p>\n<p><span dir=\"auto\">Pablo dice que ese camino no termina en la santidad, sino en la exclusi\u00f3n.<\/span><\/p>\n<p><span dir=\"auto\">Creen que la circuncisi\u00f3n completa a las personas.<\/span><\/p>\n<p><span dir=\"auto\">Pablo dice que si siguen esa l\u00f3gica hasta el final, se aislar\u00e1n a s\u00ed mismos.<\/span><\/p>\n<p><span dir=\"auto\">La redacci\u00f3n no es casual.<\/span><\/p>\n<p><span dir=\"auto\">Es un veredicto teol\u00f3gico.<\/span><\/p>\n<hr class=\"wp-block-separator has-alpha-channel-opacity\">\n<h4 id=\"h-legalism-always-adds-one-more-thing\" class=\"wp-block-heading\"><strong><img decoding=\"async\" class=\"emoji\" role=\"img\" draggable=\"false\" src=\"https:\/\/s.w.org\/images\/core\/emoji\/17.0.2\/svg\/1faa4.svg\" alt=\"\ud83e\udea4\"><span dir=\"auto\">El legalismo siempre a\u00f1ade \u201cuna cosa m\u00e1s\u201d.<\/span><\/strong><\/h4>\n<p><span dir=\"auto\">El peligro en Galacia no era solo antiguo.<\/span><\/p>\n<p><span dir=\"auto\">Todav\u00eda sigue vivo hoy en d\u00eda.<\/span><\/p>\n<p><span dir=\"auto\">El legalismo rara vez comienza negando abiertamente a Jes\u00fas.<\/span><\/p>\n<p><span dir=\"auto\">Normalmente dice:<\/span><\/p>\n<p><strong><span dir=\"auto\">\u201cS\u00ed, Jes\u00fas\u2026 pero tambi\u00e9n.\u201d<\/span><\/strong><\/p>\n<p><span dir=\"auto\">Jes\u00fas m\u00e1s la circuncisi\u00f3n.<\/span><br>\n<span dir=\"auto\">Jes\u00fas m\u00e1s las leyes alimentarias.<\/span><br>\n<span dir=\"auto\">Jes\u00fas m\u00e1s los d\u00edas sagrados.<\/span><br>\n<span dir=\"auto\">Jes\u00fas m\u00e1s las normas de vestimenta.<\/span><br>\n<span dir=\"auto\">Jes\u00fas m\u00e1s una tradici\u00f3n eclesi\u00e1stica espec\u00edfica.<\/span><br>\n<span dir=\"auto\">Jes\u00fas m\u00e1s una pr\u00e1ctica espiritual obligatoria.<\/span><br>\n<span dir=\"auto\">Jes\u00fas m\u00e1s la aprobaci\u00f3n de un grupo religioso.<\/span><\/p>\n<p><span dir=\"auto\">As\u00ed es como funciona el legalismo.<\/span><\/p>\n<p><span dir=\"auto\">No siempre elimina a Cristo.<\/span><\/p>\n<p><span dir=\"auto\">Esto convierte a Cristo en el primer paso en lugar de en el fundamento completo.<\/span><\/p>\n<p><span dir=\"auto\">Y por eso es tan peligroso.<\/span><\/p>\n<p><span dir=\"auto\">Una persona puede seguir utilizando palabras cristianas mientras, sutilmente, aleja su coraz\u00f3n de Cristo.<\/span><\/p>\n<hr class=\"wp-block-separator has-alpha-channel-opacity\">\n<h4 id=\"h-the-galatians-were-being-made-to-feel-incomplete\" class=\"wp-block-heading\"><strong><img decoding=\"async\" class=\"emoji\" role=\"img\" draggable=\"false\" src=\"https:\/\/s.w.org\/images\/core\/emoji\/17.0.2\/svg\/1f9f1.svg\" alt=\"\ud83e\uddf1\"><span dir=\"auto\">Los g\u00e1latas se sent\u00edan incompletos.<\/span><\/strong><\/h4>\n<p><span dir=\"auto\">Los falsos maestros estaban creando inseguridad espiritual.<\/span><\/p>\n<p><span dir=\"auto\">Les estaban diciendo a los cristianos gentiles:<\/span><\/p>\n<p><strong><span dir=\"auto\">\u201cCrees en Jes\u00fas, pero a\u00fan sientes que algo falta.\u201d<\/span><\/strong><\/p>\n<p><span dir=\"auto\">Esa es una de las estrategias m\u00e1s antiguas de Satan\u00e1s.<\/span><\/p>\n<p><span dir=\"auto\">Hacer que los creyentes sientan que Cristo no es suficiente.<\/span><\/p>\n<p><span dir=\"auto\">Haz que busquen una marca extra.<\/span><\/p>\n<p><span dir=\"auto\">Haz que anhelen un distintivo visible de pertenencia.<\/span><\/p>\n<p><span dir=\"auto\">Que se midan a s\u00ed mismos seg\u00fan signos religiosos externos.<\/span><\/p>\n<p><span dir=\"auto\">Pero Pablo dice:<\/span><\/p>\n<h4 id=\"h-galatians-5-6-nkjv\" class=\"wp-block-heading\"><strong><img decoding=\"async\" class=\"emoji\" role=\"img\" draggable=\"false\" src=\"https:\/\/s.w.org\/images\/core\/emoji\/17.0.2\/svg\/1f4d6.svg\" alt=\"\ud83d\udcd6\"><span dir=\"auto\">G\u00e1latas 5:6 <\/span><\/strong><\/h4>\n<p><strong><span dir=\"auto\">\u201cPorque en Cristo Jes\u00fas ni la circuncisi\u00f3n ni la incircuncisi\u00f3n valen nada, sino la fe que obra por el amor.\u201d<\/span><\/strong><\/p>\n<p><span dir=\"auto\">Ese vers\u00edculo destruye tanto el orgullo como la inseguridad.<\/span><\/p>\n<p><span dir=\"auto\">La circuncisi\u00f3n no te hace superior.<\/span><\/p>\n<p><span dir=\"auto\">La falta de circuncisi\u00f3n no te hace superior.<\/span><\/p>\n<p><span dir=\"auto\">La identidad religiosa externa no es el fundamento de la salvaci\u00f3n.<\/span><\/p>\n<p><span dir=\"auto\">Lo que importa es la fe en Cristo que se manifiesta en amor.<\/span><\/p>\n<p><span dir=\"auto\">Eso s\u00ed es cristianismo aut\u00e9ntico.<\/span><\/p>\n<hr class=\"wp-block-separator has-alpha-channel-opacity\">\n<h4 id=\"h-faith-works-through-love-not-fleshly-boasting\" class=\"wp-block-heading\"><strong><img decoding=\"async\" class=\"emoji\" role=\"img\" draggable=\"false\" src=\"https:\/\/s.w.org\/images\/core\/emoji\/17.0.2\/svg\/2764.svg\" alt=\"\u2764\ufe0f\"><span dir=\"auto\">La fe obra a trav\u00e9s del amor, no de la jactancia carnal.<\/span><\/strong><\/h4>\n<p><span dir=\"auto\">A Pablo se le acusa con frecuencia, de forma falsa, de ense\u00f1ar una fe muerta.<\/span><\/p>\n<p><span dir=\"auto\">\u00c9l no.<\/span><\/p>\n<p><span dir=\"auto\">\u00c9l dice que la fe funciona.<\/span><\/p>\n<p><span dir=\"auto\">Pero funciona a trav\u00e9s del amor, no mediante marcas corporales legalistas.<\/span><\/p>\n<p><span dir=\"auto\">Este es el equilibrio b\u00edblico.<\/span><\/p>\n<p><span dir=\"auto\">No nos salvamos por las obras.<\/span><\/p>\n<p><span dir=\"auto\">Pero la fe salvadora no es vac\u00eda.<\/span><\/p>\n<p><span dir=\"auto\">Produce amor.<\/span><\/p>\n<p><span dir=\"auto\">Produce obediencia.<\/span><\/p>\n<p><span dir=\"auto\">Produce santidad.<\/span><\/p>\n<p><span dir=\"auto\">Produce frutos.<\/span><\/p>\n<p><span dir=\"auto\">Pero ese fruto no es el fundamento de la salvaci\u00f3n.<\/span><\/p>\n<p><span dir=\"auto\">Cristo es.<\/span><\/p>\n<p><span dir=\"auto\">El legalismo confunde la fruta con la ra\u00edz.<\/span><\/p>\n<p><span dir=\"auto\">Toma las cosas buenas que pueden surgir de la fe y las convierte en requisitos para que Dios nos acepte.<\/span><\/p>\n<p><span dir=\"auto\">Eso lo arruina todo.<\/span><\/p>\n<p><span dir=\"auto\">La oraci\u00f3n es buena.<\/span><\/p>\n<p><span dir=\"auto\">El ayuno es bueno.<\/span><\/p>\n<p><span dir=\"auto\">Dar es bueno.<\/span><\/p>\n<p><span dir=\"auto\">La modestia es buena.<\/span><\/p>\n<p><span dir=\"auto\">La obediencia es buena.<\/span><\/p>\n<p><span dir=\"auto\">La disciplina eclesi\u00e1stica es buena.<\/span><\/p>\n<p><span dir=\"auto\">Pero en el momento en que cualquiera de estas cosas se convierte en la base de tu aceptaci\u00f3n ante Dios, se ha convertido en un falso evangelio.<\/span><\/p>\n<hr class=\"wp-block-separator has-alpha-channel-opacity\">\n<h4 id=\"h-the-gospel-does-not-need-your-blood-added-to-christ-s-blood\" class=\"wp-block-heading\"><strong><img decoding=\"async\" class=\"emoji\" role=\"img\" draggable=\"false\" src=\"https:\/\/s.w.org\/images\/core\/emoji\/17.0.2\/svg\/1f6ab.svg\" alt=\"\ud83d\udeab\"><span dir=\"auto\">El Evangelio no necesita que se a\u00f1ada tu sangre a la sangre de Cristo.<\/span><\/strong><\/h4>\n<p><span dir=\"auto\">Este es el coraz\u00f3n de G\u00e1latas.<\/span><\/p>\n<p><span dir=\"auto\">Los falsos maestros quer\u00edan marcas en la carne.<\/span><\/p>\n<p><span dir=\"auto\">Pablo quer\u00eda que los g\u00e1latas se fijaran en las heridas de Cristo.<\/span><\/p>\n<p><span dir=\"auto\">El cristianismo no consiste en que los pecadores se autolesionen para demostrar que pertenecen a Dios.<\/span><\/p>\n<p><span dir=\"auto\">Se trata de que el Hijo de Dios fue traspasado por los pecadores para que, por gracia, pudieran pertenecer a Dios.<\/span><\/p>\n<h4 id=\"h-galatians-2-20-nkjv\" class=\"wp-block-heading\"><strong><img decoding=\"async\" class=\"emoji\" role=\"img\" draggable=\"false\" src=\"https:\/\/s.w.org\/images\/core\/emoji\/17.0.2\/svg\/1f4d6.svg\" alt=\"\ud83d\udcd6\"><span dir=\"auto\">G\u00e1latas 2:20 <\/span><\/strong><\/h4>\n<p><strong><span dir=\"auto\">\u00abHe sido crucificado con Cristo, y ya no vivo yo, sino que Cristo vive en m\u00ed\u2026\u00bb<\/span><\/strong><\/p>\n<h4 id=\"h-galatians-6-14-nkjv\" class=\"wp-block-heading\"><strong><img decoding=\"async\" class=\"emoji\" role=\"img\" draggable=\"false\" src=\"https:\/\/s.w.org\/images\/core\/emoji\/17.0.2\/svg\/1f4d6.svg\" alt=\"\ud83d\udcd6\"><span dir=\"auto\">G\u00e1latas 6:14 <\/span><\/strong><\/h4>\n<p><strong><span dir=\"auto\">\u201cPero Dios me libre de gloriarme, sino en la cruz de nuestro Se\u00f1or Jesucristo\u2026\u201d<\/span><\/strong><\/p>\n<p><span dir=\"auto\">Esa es la jactancia de Pablo.<\/span><\/p>\n<p><span dir=\"auto\">No es la circuncisi\u00f3n.<\/span><\/p>\n<p><span dir=\"auto\">No es ascendencia.<\/span><\/p>\n<p><span dir=\"auto\">No es un logro religioso.<\/span><\/p>\n<p><span dir=\"auto\">No son marcas autoinfligidas.<\/span><\/p>\n<p><span dir=\"auto\">La cruz.<\/span><\/p>\n<p><span dir=\"auto\">Si a\u00f1ades algo a la cruz como base de la salvaci\u00f3n, no est\u00e1s honrando la cruz.<\/span><\/p>\n<p><span dir=\"auto\">Lo est\u00e1s insultando.<\/span><\/p>\n<hr class=\"wp-block-separator has-alpha-channel-opacity\">\n<h4 id=\"h-paul-had-already-fought-this-battle-with-peter\" class=\"wp-block-heading\"><strong><img decoding=\"async\" class=\"emoji\" role=\"img\" draggable=\"false\" src=\"https:\/\/s.w.org\/images\/core\/emoji\/17.0.2\/svg\/1f9cd.svg\" alt=\"\ud83e\uddcd\"><span dir=\"auto\">Pablo ya hab\u00eda librado esta batalla con Pedro.<\/span><\/strong><\/h4>\n<p><span dir=\"auto\">G\u00e1latas tambi\u00e9n relata el enfrentamiento de Pablo con Pedro.<\/span><\/p>\n<h4 id=\"h-galatians-2-11-12-nkjv\" class=\"wp-block-heading\"><strong><img decoding=\"async\" class=\"emoji\" role=\"img\" draggable=\"false\" src=\"https:\/\/s.w.org\/images\/core\/emoji\/17.0.2\/svg\/1f4d6.svg\" alt=\"\ud83d\udcd6\"><span dir=\"auto\">G\u00e1latas 2:11\u201312 <\/span><\/strong><\/h4>\n<p><strong><span dir=\"auto\">\u201cCuando Pedro lleg\u00f3 a Antioqu\u00eda, me opuse a \u00e9l cara a cara, porque era digno de reproche\u2026\u201d<\/span><\/strong><\/p>\n<p><span dir=\"auto\">Pedro hab\u00eda comido con creyentes gentiles.<\/span><\/p>\n<p><span dir=\"auto\">Pero cuando llegaron algunos hombres enviados por Santiago, Pedro se apart\u00f3 de ellos por temor.<\/span><\/p>\n<p><span dir=\"auto\">Paul vio el problema inmediatamente.<\/span><\/p>\n<p><span dir=\"auto\">El comportamiento de Pedro implicaba que los creyentes gentiles segu\u00edan siendo, de alguna manera, ciudadanos de segunda clase a menos que vivieran como los jud\u00edos.<\/span><\/p>\n<p><span dir=\"auto\">Pablo lo reprendi\u00f3 p\u00fablicamente porque el evangelio estaba siendo contradicho p\u00fablicamente.<\/span><\/p>\n<p><span dir=\"auto\">Esto demuestra la gravedad del problema.<\/span><\/p>\n<p><span dir=\"auto\">Incluso Peter pod\u00eda actuar de forma inconsistente bajo presi\u00f3n.<\/span><\/p>\n<p><span dir=\"auto\">As\u00ed pues, Galacia no era un problema local menor.<\/span><\/p>\n<p><span dir=\"auto\">Fue una grave crisis del evangelio.<\/span><\/p>\n<p><span dir=\"auto\">Si los creyentes jud\u00edos y gentiles son uno en Cristo, entonces ninguna marca externa puede usarse para crear castas espirituales en la iglesia.<\/span><\/p>\n<hr class=\"wp-block-separator has-alpha-channel-opacity\">\n<h4 id=\"h-legalism-often-looks-like-spiritual-concern\" class=\"wp-block-heading\"><strong><img decoding=\"async\" class=\"emoji\" role=\"img\" draggable=\"false\" src=\"https:\/\/s.w.org\/images\/core\/emoji\/17.0.2\/svg\/1f9e0.svg\" alt=\"\ud83e\udde0\"><span dir=\"auto\">El legalismo a menudo se disfraza de preocupaci\u00f3n espiritual.<\/span><\/strong><\/h4>\n<p><span dir=\"auto\">Los legalistas m\u00e1s peligrosos no siempre suenan llenos de odio.<\/span><\/p>\n<p><span dir=\"auto\">Pueden parecer cautelosos.<\/span><\/p>\n<p><span dir=\"auto\">Pueden sonar maduros.<\/span><\/p>\n<p><span dir=\"auto\">Podr\u00edan decir:<\/span><\/p>\n<p><span dir=\"auto\">\u201cSimplemente queremos que profundices m\u00e1s.\u201d<\/span><\/p>\n<p><span dir=\"auto\">\u201cSolo queremos que se lo tomen m\u00e1s en serio.\u201d<\/span><\/p>\n<p><span dir=\"auto\">\u201cSolo queremos que seas totalmente obediente.\u201d<\/span><\/p>\n<p><span dir=\"auto\">\u201cSolo queremos que tengan plena fe.\u201d<\/span><\/p>\n<p><span dir=\"auto\">Por eso es necesario discernimiento.<\/span><\/p>\n<p><span dir=\"auto\">Algunas correcciones son b\u00edblicas.<\/span><\/p>\n<p><span dir=\"auto\">Es necesario dar algunas instrucciones.<\/span><\/p>\n<p><span dir=\"auto\">Cierta disciplina eclesi\u00e1stica es justa.<\/span><\/p>\n<p><span dir=\"auto\">Pero el legalismo comienza cuando una persona a\u00f1ade condiciones a Cristo como base para ser aceptada ante Dios.<\/span><\/p>\n<p><span dir=\"auto\">Ah\u00ed es donde Paul pone el l\u00edmite.<\/span><\/p>\n<p><span dir=\"auto\">\u00c9l no est\u00e1 en contra de la santidad.<\/span><\/p>\n<p><span dir=\"auto\">Est\u00e1 en contra de los fundamentos falsos.<\/span><\/p>\n<hr class=\"wp-block-separator has-alpha-channel-opacity\">\n<h4 id=\"h-the-question-is-not-only-who-are-the-legalists\" class=\"wp-block-heading\"><strong><img decoding=\"async\" class=\"emoji\" role=\"img\" draggable=\"false\" src=\"https:\/\/s.w.org\/images\/core\/emoji\/17.0.2\/svg\/1fa9e.svg\" alt=\"\ud83e\ude9e\"><span dir=\"auto\">La pregunta no es solo \u00ab\u00bfQui\u00e9nes son los legalistas?\u00bb.<\/span><\/strong><\/h4>\n<p><span dir=\"auto\">Es f\u00e1cil leer G\u00e1latas y pensar en otras personas.<\/span><\/p>\n<p><span dir=\"auto\">Ese pastor estricto.<\/span><br>\n<span dir=\"auto\">Esa iglesia controladora.<\/span><br>\n<span dir=\"auto\">Ese amigo prejuicioso.<\/span><br>\n<span dir=\"auto\">Ese grupo religioso.<\/span><\/p>\n<p><span dir=\"auto\">Pero G\u00e1latas tambi\u00e9n nos examina a nosotros.<\/span><\/p>\n<p><span dir=\"auto\">\u00bfEn qu\u00e9 hemos a\u00f1adido algo a Cristo en nuestros propios corazones?<\/span><\/p>\n<p><span dir=\"auto\">Tal vez te sientas aceptable ante Dios solo cuando:<\/span><\/p>\n<ul class=\"wp-block-list\">\n<li><span dir=\"auto\">Rezaste durante el tiempo suficiente<\/span><\/li>\n<li><span dir=\"auto\">diste lo suficiente<\/span><\/li>\n<li><span dir=\"auto\">Has evitado suficientes malos h\u00e1bitos<\/span><\/li>\n<li><span dir=\"auto\">te vestiste de cierta manera<\/span><\/li>\n<li><span dir=\"auto\">serviste suficiente<\/span><\/li>\n<li><span dir=\"auto\">te sent\u00edas lo suficientemente espiritual<\/span><\/li>\n<li><span dir=\"auto\">Pertenec\u00edas al grupo correcto.<\/span><\/li>\n<li><span dir=\"auto\">Seguiste la rutina correcta<\/span><\/li>\n<\/ul>\n<p><span dir=\"auto\">Esas cosas pueden ser buenas en el lugar adecuado.<\/span><\/p>\n<p><span dir=\"auto\">Pero no pueden convertirse en vuestra justicia.<\/span><\/p>\n<p><span dir=\"auto\">Tu posici\u00f3n ante Dios no se basa en tu desempe\u00f1o.<\/span><\/p>\n<p><span dir=\"auto\">Est\u00e1 edificada sobre Cristo.<\/span><\/p>\n<p><span dir=\"auto\">Si tu confianza depende principalmente de tu desempe\u00f1o actual, es posible que vivas m\u00e1s cerca de Galacia de lo que crees.<\/span><\/p>\n<hr class=\"wp-block-separator has-alpha-channel-opacity\">\n<h4 id=\"h-paul-s-harshness-was-actually-love\" class=\"wp-block-heading\"><strong><img decoding=\"async\" class=\"emoji\" role=\"img\" draggable=\"false\" src=\"https:\/\/s.w.org\/images\/core\/emoji\/17.0.2\/svg\/1fa79.svg\" alt=\"\ud83e\ude79\"><span dir=\"auto\">La dureza de Paul era en realidad amor.<\/span><\/strong><\/h4>\n<p><span dir=\"auto\">La sentencia de Paul suena severa porque el peligro era grande.<\/span><\/p>\n<p><span dir=\"auto\">Un cirujano puede realizar una incisi\u00f3n profunda para extirpar una enfermedad mortal.<\/span><\/p>\n<p><span dir=\"auto\">Eso no lo convierte en cruel.<\/span><\/p>\n<p><span dir=\"auto\">Puede que sea el gesto m\u00e1s cari\u00f1oso que pueda tener.<\/span><\/p>\n<p><span dir=\"auto\">Pablo vio un c\u00e1ncer que entraba en las iglesias:<\/span><\/p>\n<p><strong><span dir=\"auto\">Cristo m\u00e1s algo m\u00e1s.<\/span><\/strong><\/p>\n<p><span dir=\"auto\">As\u00ed que cort\u00f3 con fuerza.<\/span><\/p>\n<p><span dir=\"auto\">Sab\u00eda que si los g\u00e1latas aceptaban ese falso evangelio, perder\u00edan la libertad que Cristo les hab\u00eda dado.<\/span><\/p>\n<h4 id=\"h-galatians-5-1-nkjv\" class=\"wp-block-heading\"><strong><img decoding=\"async\" class=\"emoji\" role=\"img\" draggable=\"false\" src=\"https:\/\/s.w.org\/images\/core\/emoji\/17.0.2\/svg\/1f4d6.svg\" alt=\"\ud83d\udcd6\"><span dir=\"auto\">G\u00e1latas 5:1 <\/span><\/strong><\/h4>\n<p><strong><span dir=\"auto\">\u00abMant\u00e9nganse firmes, pues, en la libertad con que Cristo nos hizo libres, y no se dejen someter de nuevo al yugo de la esclavitud.\u00bb<\/span><\/strong><\/p>\n<p><span dir=\"auto\">Ese es el problema.<\/span><\/p>\n<p><span dir=\"auto\">Libertad o esclavitud.<\/span><\/p>\n<p><span dir=\"auto\">Cristo o legalismo.<\/span><\/p>\n<p><span dir=\"auto\">Gracia o carne.<\/span><\/p>\n<p><span dir=\"auto\">El lenguaje de Pablo era vehemente porque el amor protege lo que es valioso.<\/span><\/p>\n<p><span dir=\"auto\">Y nada es m\u00e1s valioso que el evangelio.<\/span><\/p>\n<hr class=\"wp-block-separator has-alpha-channel-opacity\">\n<h4 id=\"h-paul-s-own-marks-were-different\" class=\"wp-block-heading\"><strong><img decoding=\"async\" class=\"emoji\" role=\"img\" draggable=\"false\" src=\"https:\/\/s.w.org\/images\/core\/emoji\/17.0.2\/svg\/271d.svg\" alt=\"\u271d\ufe0f\"><span dir=\"auto\">Las marcas de Pablo eran diferentes.<\/span><\/strong><\/h4>\n<p><span dir=\"auto\">Al final de la carta, Pablo dice:<\/span><\/p>\n<h4 id=\"h-galatians-6-17-nkjv\" class=\"wp-block-heading\"><strong><img decoding=\"async\" class=\"emoji\" role=\"img\" draggable=\"false\" src=\"https:\/\/s.w.org\/images\/core\/emoji\/17.0.2\/svg\/1f4d6.svg\" alt=\"\ud83d\udcd6\"><span dir=\"auto\">G\u00e1latas 6:17 <\/span><\/strong><\/h4>\n<p><strong><span dir=\"auto\">\u201cDe ahora en adelante, que nadie me moleste, porque llevo en mi cuerpo las marcas del Se\u00f1or Jes\u00fas.\u201d<\/span><\/strong><\/p>\n<p><span dir=\"auto\">Pablo ten\u00eda marcas en el cuerpo.<\/span><\/p>\n<p><span dir=\"auto\">Pero no hizo ninguna se\u00f1al para demostrar que pertenec\u00eda a Dios.<\/span><\/p>\n<p><span dir=\"auto\">Sus marcas proven\u00edan del sufrimiento por Cristo.<\/span><\/p>\n<p><span dir=\"auto\">Palizas.<\/span><br>\n<span dir=\"auto\">Persecuci\u00f3n.<\/span><br>\n<span dir=\"auto\">Lapidaci\u00f3n.<\/span><br>\n<span dir=\"auto\">Encarcelamiento.<\/span><br>\n<span dir=\"auto\">Dificultades.<\/span><\/p>\n<p><span dir=\"auto\">Existe una gran diferencia entre las marcas legalistas y las cicatrices del evangelio.<\/span><\/p>\n<p><span dir=\"auto\">El legalismo recurre a la mutilaci\u00f3n para demostrar la val\u00eda.<\/span><\/p>\n<p><span dir=\"auto\">El evangelio produce cicatrices porque la persona ya pertenece a Cristo y sufre fielmente por \u00c9l.<\/span><\/p>\n<p><span dir=\"auto\">Las cicatrices de Paul no lo salvaron.<\/span><\/p>\n<p><span dir=\"auto\">Cristo lo salv\u00f3.<\/span><\/p>\n<p><span dir=\"auto\">Pero sus cicatrices demostraban que pertenec\u00eda al Se\u00f1or crucificado.<\/span><\/p>\n<hr class=\"wp-block-separator has-alpha-channel-opacity\">\n<h4 id=\"h-what-galatians-5-12-means-for-us-today\" class=\"wp-block-heading\"><strong><img decoding=\"async\" class=\"emoji\" role=\"img\" draggable=\"false\" src=\"https:\/\/s.w.org\/images\/core\/emoji\/17.0.2\/svg\/1f33f.svg\" alt=\"\ud83c\udf3f\"><span dir=\"auto\">Qu\u00e9 significa G\u00e1latas 5:12 para nosotros hoy<\/span><\/strong><\/h4>\n<p><span dir=\"auto\">G\u00e1latas 5:12 no es una autorizaci\u00f3n para ser cruel verbalmente.<\/span><\/p>\n<p><span dir=\"auto\">Eso no justifica burlarse de la gente.<\/span><\/p>\n<p><span dir=\"auto\">No es un modelo aplicable a todos los desacuerdos.<\/span><\/p>\n<p><span dir=\"auto\">Es una advertencia de que el evangelio debe ser protegido con claridad.<\/span><\/p>\n<p><span dir=\"auto\">La iglesia jam\u00e1s debe a\u00f1adir requisitos a Cristo como base de la salvaci\u00f3n.<\/span><\/p>\n<p><span dir=\"auto\">No es cultura.<\/span><\/p>\n<p><span dir=\"auto\">No es cuesti\u00f3n de etnia.<\/span><\/p>\n<p><span dir=\"auto\">No son rituales.<\/span><\/p>\n<p><span dir=\"auto\">No es ropa.<\/span><\/p>\n<p><span dir=\"auto\">No son tradiciones.<\/span><\/p>\n<p><span dir=\"auto\">No es una actuaci\u00f3n espiritual.<\/span><\/p>\n<p><span dir=\"auto\">No son disciplinas personales.<\/span><\/p>\n<p><span dir=\"auto\">No se trata de identidad confesional.<\/span><\/p>\n<p><span dir=\"auto\">Cristo es suficiente.<\/span><\/p>\n<p><span dir=\"auto\">Y puesto que Cristo es suficiente, la obediencia se convierte en fruto, no en pago.<\/span><\/p>\n<p><span dir=\"auto\">La santidad se convierte en entrega agradecida, no en una forma de ganarse la vida espiritualmente.<\/span><\/p>\n<p><span dir=\"auto\">Las buenas obras se convierten en amor, no en una f\u00f3rmula para la salvaci\u00f3n.<\/span><\/p>\n<p><span dir=\"auto\">Esa es la libertad por la que luch\u00f3 Pablo.<\/span><\/p>\n<hr class=\"wp-block-separator has-alpha-channel-opacity\">\n<h4 id=\"h-final-thoughts\" class=\"wp-block-heading\"><strong><img decoding=\"async\" class=\"emoji\" role=\"img\" draggable=\"false\" src=\"https:\/\/s.w.org\/images\/core\/emoji\/17.0.2\/svg\/2764.svg\" alt=\"\u2764\ufe0f\"><span dir=\"auto\">Reflexiones finales<\/span><\/strong><\/h4>\n<p><span dir=\"auto\">\u00bfPor qu\u00e9 dijo Pablo: \u00abOjal\u00e1 los que os causan problemas se mutilaran a s\u00ed mismos\u00bb?<\/span><\/p>\n<p><span dir=\"auto\">Porque los falsos maestros de Galacia presionaban a los creyentes gentiles para que se circuncidaran como requisito para pertenecer plenamente a Dios. Pablo comprendi\u00f3 que esto no era una adici\u00f3n inofensiva, sino una negaci\u00f3n de la suficiencia de Cristo. Sus impactantes palabras expusieron la l\u00f3gica perniciosa de confiar en las marcas de la carne. Si cortar la carne es lo que hace que alguien sea aceptable ante Dios, entonces los falsos maestros bien podr\u00edan llevar esa l\u00f3gica a su conclusi\u00f3n m\u00e1s grotesca. &nbsp;<\/span><\/p>\n<p><span dir=\"auto\">Pablo no estaba siendo cruel.<\/span><\/p>\n<p><span dir=\"auto\">\u00c9l defend\u00eda la gracia.<\/span><\/p>\n<p><span dir=\"auto\">\u00c9l dec\u00eda:<\/span><\/p>\n<p><span dir=\"auto\">Cristo no es el primer paso.<\/span><\/p>\n<p><span dir=\"auto\">Cristo es el fundamento de todo.<\/span><\/p>\n<p><span dir=\"auto\">La sangre que te salva no es tuya.<\/span><\/p>\n<p><span dir=\"auto\">Es suyo.<\/span><\/p>\n<p><span dir=\"auto\">As\u00ed que suelta el cuchillo.<\/span><\/p>\n<p><span dir=\"auto\">Deja de a\u00f1adir m\u00e1s cosas a la cruz.<\/span><\/p>\n<p><span dir=\"auto\">Deja de intentar comprar lo que Cristo ya pag\u00f3.<\/span><\/p>\n<p><span dir=\"auto\">Y mant\u00e9nganse firmes en la libertad del evangelio.<\/span><\/p>\n<div class=\"wp-block-image\">\n<figure class=\"aligncenter size-full is-resized\"><img loading=\"lazy\" decoding=\"async\" class=\"wp-image-14470 lazyautosizes lazyloaded\" src=\"https:\/\/evidence-for-the-bible.com\/wp-content\/uploads\/2026\/04\/Why-Did-Paul-Say-I-Wish-They-Would-Mutilate-Themselves-5.jpg\" sizes=\"627px\" srcset=\"https:\/\/evidence-for-the-bible.com\/wp-content\/uploads\/2026\/04\/Why-Did-Paul-Say-I-Wish-They-Would-Mutilate-Themselves-5.jpg 275w, https:\/\/evidence-for-the-bible.com\/wp-content\/uploads\/2026\/04\/Why-Did-Paul-Say-I-Wish-They-Would-Mutilate-Themselves-5-150x100.jpg 150w\" alt=\"\" width=\"275\" height=\"183\" data-src=\"https:\/\/evidence-for-the-bible.com\/wp-content\/uploads\/2026\/04\/Why-Did-Paul-Say-I-Wish-They-Would-Mutilate-Themselves-5.jpg\" data-srcset=\"https:\/\/evidence-for-the-bible.com\/wp-content\/uploads\/2026\/04\/Why-Did-Paul-Say-I-Wish-They-Would-Mutilate-Themselves-5.jpg 275w, https:\/\/evidence-for-the-bible.com\/wp-content\/uploads\/2026\/04\/Why-Did-Paul-Say-I-Wish-They-Would-Mutilate-Themselves-5-150x100.jpg 150w\" data-sizes=\"auto\" data-eio-rwidth=\"275\" data-eio-rheight=\"183\"><p><\/p>\n<figcaption class=\"wp-element-caption\"><span dir=\"auto\">El evangelio no te pide que a\u00f1adas tu sangre a la de Cristo. Su sacrificio es suficiente.<\/span><\/figcaption>\n<\/figure>\n<\/div>\n<hr class=\"wp-block-separator has-alpha-channel-opacity\">\n<h4 id=\"h-quick-answer\" class=\"wp-block-heading\"><strong><img decoding=\"async\" class=\"emoji\" role=\"img\" draggable=\"false\" src=\"https:\/\/s.w.org\/images\/core\/emoji\/17.0.2\/svg\/2753.svg\" alt=\"\u2753\"><span dir=\"auto\">Respuesta r\u00e1pida<\/span><\/strong><\/h4>\n<h4 id=\"h-what-does-galatians-5-12-mean\" class=\"wp-block-heading\"><strong><span dir=\"auto\">\u00bfQu\u00e9 significa G\u00e1latas 5:12?<\/span><\/strong><\/h4>\n<p><span dir=\"auto\">Pablo utiliza una aguda iron\u00eda contra los falsos maestros que insist\u00edan en que los cristianos gentiles necesitaban la circuncisi\u00f3n para ser plenamente aceptados por Dios.<\/span><\/p>\n<h4 id=\"h-was-paul-literally-telling-them-to-harm-themselves\" class=\"wp-block-heading\"><strong><span dir=\"auto\">\u00bfAcaso Pablo les estaba diciendo literalmente que se hicieran da\u00f1o a s\u00ed mismos?<\/span><\/strong><\/h4>\n<p><span dir=\"auto\">No. Estaba exponiendo la l\u00f3gica absurda y peligrosa de hacer que la mutilaci\u00f3n de la carne sea necesaria para la salvaci\u00f3n.<\/span><\/p>\n<h4 id=\"h-why-is-the-verse-so-harsh\" class=\"wp-block-heading\"><strong><span dir=\"auto\">\u00bfPor qu\u00e9 es tan duro el vers\u00edculo?<\/span><\/strong><\/h4>\n<p><span dir=\"auto\">Porque el evangelio estaba siendo amenazado. A\u00f1adir cualquier cosa a Cristo como condici\u00f3n para la salvaci\u00f3n destruye la gracia.<\/span><\/p>\n<h4 id=\"h-what-was-the-issue-in-galatia\" class=\"wp-block-heading\"><strong><span dir=\"auto\">\u00bfCu\u00e1l era el problema en Galacia?<\/span><\/strong><\/h4>\n<p><span dir=\"auto\">Los falsos maestros dec\u00edan que la fe en Cristo no era suficiente a menos que los creyentes gentiles tambi\u00e9n se circuncidaran y cumplieran la ley.<\/span><\/p>\n<h4 id=\"h-what-is-the-main-lesson\" class=\"wp-block-heading\"><strong><span dir=\"auto\">\u00bfCu\u00e1l es la lecci\u00f3n principal?<\/span><\/strong><\/h4>\n<p><span dir=\"auto\">Cristo es suficiente. Cualquier evangelio que a\u00f1ada requisitos a Cristo como base de la salvaci\u00f3n no es el evangelio.<\/span><\/p>\n<h4 id=\"h-a-prophecy-that-uses-mathematics-instead-of-metaphor\" class=\"wp-block-heading\"><strong><span dir=\"auto\">Una profec\u00eda que utiliza las matem\u00e1ticas en lugar de la met\u00e1fora.<\/span><\/strong><\/h4>\n<p><span dir=\"auto\">Muchas profec\u00edas son po\u00e9ticas.<\/span><br>\n<span dir=\"auto\">Daniel 9 no lo es.<\/span><\/p>\n<p><span dir=\"auto\">Daniel 9 dice:<\/span><\/p>\n<ul class=\"wp-block-list\">\n<li><span dir=\"auto\">Un punto de partida<\/span><\/li>\n<li><span dir=\"auto\">Una duraci\u00f3n<\/span><\/li>\n<li><span dir=\"auto\">Una conclusi\u00f3n<\/span><\/li>\n<\/ul>\n<p><span dir=\"auto\">En otras palabras,&nbsp;<\/span><strong><span dir=\"auto\">una cronolog\u00eda<\/span><\/strong><span dir=\"auto\">&nbsp;.<\/span><\/p>\n<p><span dir=\"auto\">Y eso es lo que hace que sea tan peligroso descartarlo.<\/span><\/p>\n<div class=\"wp-block-image\">\n<figure class=\"aligncenter size-large\"><img loading=\"lazy\" decoding=\"async\" class=\"wp-image-12168 lazyautosizes lazyloaded\" src=\"https:\/\/evidence-for-the-bible.com\/wp-content\/uploads\/2026\/01\/Daniel-9-prophecy-1-791x1024.jpg\" sizes=\"754px\" srcset=\"https:\/\/evidence-for-the-bible.com\/wp-content\/uploads\/2026\/01\/Daniel-9-prophecy-1-791x1024.jpg 791w, https:\/\/evidence-for-the-bible.com\/wp-content\/uploads\/2026\/01\/Daniel-9-prophecy-1-232x300.jpg 232w, https:\/\/evidence-for-the-bible.com\/wp-content\/uploads\/2026\/01\/Daniel-9-prophecy-1-768x994.jpg 768w, https:\/\/evidence-for-the-bible.com\/wp-content\/uploads\/2026\/01\/Daniel-9-prophecy-1-1187x1536.jpg 1187w, https:\/\/evidence-for-the-bible.com\/wp-content\/uploads\/2026\/01\/Daniel-9-prophecy-1-1582x2048.jpg 1582w, https:\/\/evidence-for-the-bible.com\/wp-content\/uploads\/2026\/01\/Daniel-9-prophecy-1-953x1233.jpg 953w, https:\/\/evidence-for-the-bible.com\/wp-content\/uploads\/2026\/01\/Daniel-9-prophecy-1-562x727.jpg 562w, https:\/\/evidence-for-the-bible.com\/wp-content\/uploads\/2026\/01\/Daniel-9-prophecy-1-1024x1325.jpg 1024w, https:\/\/evidence-for-the-bible.com\/wp-content\/uploads\/2026\/01\/Daniel-9-prophecy-1-150x194.jpg 150w, https:\/\/evidence-for-the-bible.com\/wp-content\/uploads\/2026\/01\/Daniel-9-prophecy-1.jpg 1978w\" alt=\"\" width=\"791\" height=\"1024\" data-src=\"https:\/\/evidence-for-the-bible.com\/wp-content\/uploads\/2026\/01\/Daniel-9-prophecy-1-791x1024.jpg\" data-srcset=\"https:\/\/evidence-for-the-bible.com\/wp-content\/uploads\/2026\/01\/Daniel-9-prophecy-1-791x1024.jpg 791w, https:\/\/evidence-for-the-bible.com\/wp-content\/uploads\/2026\/01\/Daniel-9-prophecy-1-232x300.jpg 232w, https:\/\/evidence-for-the-bible.com\/wp-content\/uploads\/2026\/01\/Daniel-9-prophecy-1-768x994.jpg 768w, https:\/\/evidence-for-the-bible.com\/wp-content\/uploads\/2026\/01\/Daniel-9-prophecy-1-1187x1536.jpg 1187w, https:\/\/evidence-for-the-bible.com\/wp-content\/uploads\/2026\/01\/Daniel-9-prophecy-1-1582x2048.jpg 1582w, https:\/\/evidence-for-the-bible.com\/wp-content\/uploads\/2026\/01\/Daniel-9-prophecy-1-953x1233.jpg 953w, https:\/\/evidence-for-the-bible.com\/wp-content\/uploads\/2026\/01\/Daniel-9-prophecy-1-562x727.jpg 562w, https:\/\/evidence-for-the-bible.com\/wp-content\/uploads\/2026\/01\/Daniel-9-prophecy-1-1024x1325.jpg 1024w, https:\/\/evidence-for-the-bible.com\/wp-content\/uploads\/2026\/01\/Daniel-9-prophecy-1-150x194.jpg 150w, https:\/\/evidence-for-the-bible.com\/wp-content\/uploads\/2026\/01\/Daniel-9-prophecy-1.jpg 1978w\" data-sizes=\"auto\" data-eio-rwidth=\"791\" data-eio-rheight=\"1024\"><p><\/p>\n<figcaption class=\"wp-element-caption\"><span dir=\"auto\">La profec\u00eda de Daniel<\/span><\/figcaption>\n<\/figure>\n<\/div>\n<hr class=\"wp-block-separator has-alpha-channel-opacity\">\n<h4 id=\"h-the-historical-setting\" class=\"wp-block-heading\"><strong><span dir=\"auto\">El contexto hist\u00f3rico<\/span><\/strong><\/h4>\n<p><span dir=\"auto\">Daniel vivi\u00f3 en Babilonia durante el exilio jud\u00edo (siglo VI a. C.).<\/span><\/p>\n<p><span dir=\"auto\">En Daniel 9, ora por la restauraci\u00f3n de Jerusal\u00e9n.<\/span><br>\n<span dir=\"auto\">En respuesta, Dios le da una profec\u00eda sobre&nbsp;<\/span><strong><span dir=\"auto\">el futuro de Israel y la venida del Mes\u00edas<\/span><\/strong><span dir=\"auto\">&nbsp;.<\/span><\/p>\n<p><span dir=\"auto\">Esta profec\u00eda se conserva en&nbsp;<\/span><strong><span dir=\"auto\">manuscritos precristianos<\/span><\/strong><span dir=\"auto\">, incluidos los&nbsp;<\/span><span dir=\"auto\">Rollos del Mar Muerto.<\/span><\/p>\n<hr class=\"wp-block-separator has-alpha-channel-opacity\">\n<h4 id=\"h-the-prophecy-of-the-seventy-weeks\" class=\"wp-block-heading\"><strong><span dir=\"auto\">La profec\u00eda de las \u201cSetenta semanas\u201d<\/span><\/strong><\/h4>\n<p><span dir=\"auto\">A Daniel le dicen:<\/span><\/p>\n<blockquote class=\"wp-block-quote is-layout-flow wp-block-quote-is-layout-flow\"><p><span dir=\"auto\">\u201cSetenta semanas est\u00e1n determinadas sobre tu pueblo y sobre tu ciudad santa\u2026\u201d<\/span><\/p><\/blockquote>\n<p><span dir=\"auto\">La palabra traducida como&nbsp;<\/span><em><span dir=\"auto\">semanas<\/span><\/em><span dir=\"auto\">&nbsp;significa literalmente&nbsp;<\/span><strong><span dir=\"auto\">\u201csietes\u201d.<\/span><\/strong><\/p>\n<p><span dir=\"auto\">En un contexto prof\u00e9tico, estas son&nbsp;<\/span><strong><span dir=\"auto\">semanas de a\u00f1os<\/span><\/strong><span dir=\"auto\">&nbsp;:<\/span><\/p>\n<ul class=\"wp-block-list\">\n<li><span dir=\"auto\">1 semana = 7 a\u00f1os<\/span><\/li>\n<li><span dir=\"auto\">70 semanas = 490 a\u00f1os<\/span><\/li>\n<\/ul>\n<p><span dir=\"auto\">Esto no es arbitrario.<\/span><br>\n<span dir=\"auto\">El uso hebreo lo respalda, y los antiguos int\u00e9rpretes jud\u00edos lo entendieron de esta manera.<\/span><\/p>\n<div class=\"wp-block-image\">\n<figure class=\"aligncenter size-large\"><img loading=\"lazy\" decoding=\"async\" class=\"wp-image-12169 lazyautosizes lazyloaded\" src=\"https:\/\/evidence-for-the-bible.com\/wp-content\/uploads\/2026\/01\/Daniel-9-prophecy-3-1024x500.jpg\" sizes=\"754px\" srcset=\"https:\/\/evidence-for-the-bible.com\/wp-content\/uploads\/2026\/01\/Daniel-9-prophecy-3-1024x500.jpg 1024w, https:\/\/evidence-for-the-bible.com\/wp-content\/uploads\/2026\/01\/Daniel-9-prophecy-3-300x147.jpg 300w, https:\/\/evidence-for-the-bible.com\/wp-content\/uploads\/2026\/01\/Daniel-9-prophecy-3-768x375.jpg 768w, https:\/\/evidence-for-the-bible.com\/wp-content\/uploads\/2026\/01\/Daniel-9-prophecy-3-1536x751.jpg 1536w, https:\/\/evidence-for-the-bible.com\/wp-content\/uploads\/2026\/01\/Daniel-9-prophecy-3-2048x1001.jpg 2048w, https:\/\/evidence-for-the-bible.com\/wp-content\/uploads\/2026\/01\/Daniel-9-prophecy-3-953x466.jpg 953w, https:\/\/evidence-for-the-bible.com\/wp-content\/uploads\/2026\/01\/Daniel-9-prophecy-3-562x275.jpg 562w, https:\/\/evidence-for-the-bible.com\/wp-content\/uploads\/2026\/01\/Daniel-9-prophecy-3-150x73.jpg 150w\" alt=\"\" width=\"1024\" height=\"500\" data-src=\"https:\/\/evidence-for-the-bible.com\/wp-content\/uploads\/2026\/01\/Daniel-9-prophecy-3-1024x500.jpg\" data-srcset=\"https:\/\/evidence-for-the-bible.com\/wp-content\/uploads\/2026\/01\/Daniel-9-prophecy-3-1024x500.jpg 1024w, https:\/\/evidence-for-the-bible.com\/wp-content\/uploads\/2026\/01\/Daniel-9-prophecy-3-300x147.jpg 300w, https:\/\/evidence-for-the-bible.com\/wp-content\/uploads\/2026\/01\/Daniel-9-prophecy-3-768x375.jpg 768w, https:\/\/evidence-for-the-bible.com\/wp-content\/uploads\/2026\/01\/Daniel-9-prophecy-3-1536x751.jpg 1536w, https:\/\/evidence-for-the-bible.com\/wp-content\/uploads\/2026\/01\/Daniel-9-prophecy-3-2048x1001.jpg 2048w, https:\/\/evidence-for-the-bible.com\/wp-content\/uploads\/2026\/01\/Daniel-9-prophecy-3-953x466.jpg 953w, https:\/\/evidence-for-the-bible.com\/wp-content\/uploads\/2026\/01\/Daniel-9-prophecy-3-562x275.jpg 562w, https:\/\/evidence-for-the-bible.com\/wp-content\/uploads\/2026\/01\/Daniel-9-prophecy-3-150x73.jpg 150w\" data-sizes=\"auto\" data-eio-rwidth=\"1024\" data-eio-rheight=\"500\"><p><\/p>\n<figcaption class=\"wp-element-caption\"><span dir=\"auto\">Una cronolog\u00eda que ilustra la profec\u00eda de las setenta semanas de Daniel 9.<\/span><\/figcaption>\n<\/figure>\n<\/div>\n<hr class=\"wp-block-separator has-alpha-channel-opacity\">\n<h4 id=\"h-the-starting-point-is-explicit\" class=\"wp-block-heading\"><strong><span dir=\"auto\">El punto de partida es expl\u00edcito.<\/span><\/strong><\/h4>\n<p><span dir=\"auto\">La profec\u00eda da un comienzo claro:<\/span><\/p>\n<blockquote class=\"wp-block-quote is-layout-flow wp-block-quote-is-layout-flow\"><p><span dir=\"auto\">\u201cDesde la promulgaci\u00f3n del mandamiento de restaurar y edificar Jerusal\u00e9n\u2026\u201d<\/span><\/p><\/blockquote>\n<p><span dir=\"auto\">Esto no es vago.<\/span><\/p>\n<p><span dir=\"auto\">El decreto para reconstruir Jerusal\u00e9n fue emitido por&nbsp;<\/span><strong><span dir=\"auto\">Artajerjes I<\/span><\/strong><span dir=\"auto\">&nbsp;en el&nbsp;<\/span><strong><span dir=\"auto\">a\u00f1o 445\/444 a. C.<\/span><\/strong><span dir=\"auto\">&nbsp;(Nehem\u00edas 2).<\/span><\/p>\n<p><span dir=\"auto\">Esta fecha est\u00e1 hist\u00f3ricamente establecida.<\/span><\/p>\n<div class=\"wp-block-image\">\n<figure class=\"aligncenter size-full\"><img loading=\"lazy\" decoding=\"async\" class=\"wp-image-12170 lazyautosizes lazyloaded\" src=\"https:\/\/evidence-for-the-bible.com\/wp-content\/uploads\/2026\/01\/Daniel-9-prophecy-4.jpg\" sizes=\"720px\" srcset=\"https:\/\/evidence-for-the-bible.com\/wp-content\/uploads\/2026\/01\/Daniel-9-prophecy-4.jpg 720w, https:\/\/evidence-for-the-bible.com\/wp-content\/uploads\/2026\/01\/Daniel-9-prophecy-4-216x300.jpg 216w, https:\/\/evidence-for-the-bible.com\/wp-content\/uploads\/2026\/01\/Daniel-9-prophecy-4-562x781.jpg 562w, https:\/\/evidence-for-the-bible.com\/wp-content\/uploads\/2026\/01\/Daniel-9-prophecy-4-150x208.jpg 150w\" alt=\"\" width=\"720\" height=\"1000\" data-src=\"https:\/\/evidence-for-the-bible.com\/wp-content\/uploads\/2026\/01\/Daniel-9-prophecy-4.jpg\" data-srcset=\"https:\/\/evidence-for-the-bible.com\/wp-content\/uploads\/2026\/01\/Daniel-9-prophecy-4.jpg 720w, https:\/\/evidence-for-the-bible.com\/wp-content\/uploads\/2026\/01\/Daniel-9-prophecy-4-216x300.jpg 216w, https:\/\/evidence-for-the-bible.com\/wp-content\/uploads\/2026\/01\/Daniel-9-prophecy-4-562x781.jpg 562w, https:\/\/evidence-for-the-bible.com\/wp-content\/uploads\/2026\/01\/Daniel-9-prophecy-4-150x208.jpg 150w\" data-sizes=\"auto\" data-eio-rwidth=\"720\" data-eio-rheight=\"1000\"><p><\/p>\n<figcaption class=\"wp-element-caption\"><span dir=\"auto\">El decreto para reconstruir Jerusal\u00e9n fue emitido bajo el dominio persa.<\/span><\/figcaption>\n<\/figure>\n<\/div>\n<hr class=\"wp-block-separator has-alpha-channel-opacity\">\n<h4 id=\"h-the-countdown-to-the-messiah\" class=\"wp-block-heading\"><strong><span dir=\"auto\">La cuenta regresiva para el Mes\u00edas<\/span><\/strong><\/h4>\n<p><span dir=\"auto\">Daniel afirma:<\/span><\/p>\n<blockquote class=\"wp-block-quote is-layout-flow wp-block-quote-is-layout-flow\"><p><span dir=\"auto\">\u201cDesde el mandamiento\u2026 hasta el Mes\u00edas Pr\u00edncipe habr\u00e1 siete semanas y sesenta y dos semanas.\u201d<\/span><\/p><\/blockquote>\n<p><span dir=\"auto\">Eso es:<\/span><\/p>\n<ul class=\"wp-block-list\">\n<li><span dir=\"auto\">7 semanas (49 a\u00f1os)<\/span><br>\n<ul class=\"wp-block-list\">\n<li><span dir=\"auto\">62 semanas (434 a\u00f1os)<\/span><\/li>\n<\/ul>\n<\/li>\n<li><span dir=\"auto\">=&nbsp;<\/span><strong><span dir=\"auto\">69 semanas (483 a\u00f1os)<\/span><\/strong><\/li>\n<\/ul>\n<p><span dir=\"auto\">La profec\u00eda dice que el Mes\u00edas aparecer\u00eda&nbsp;<\/span><strong><span dir=\"auto\">despu\u00e9s de estos 483 a\u00f1os<\/span><\/strong><span dir=\"auto\">&nbsp;.<\/span><\/p>\n<hr class=\"wp-block-separator has-alpha-channel-opacity\">\n<h4 id=\"h-where-the-timeline-leads\" class=\"wp-block-heading\"><strong><span dir=\"auto\">Hacia d\u00f3nde conduce la cronolog\u00eda<\/span><\/strong><\/h4>\n<p><span dir=\"auto\">Cuando se calcula utilizando:<\/span><\/p>\n<ul class=\"wp-block-list\">\n<li><span dir=\"auto\">La fecha conocida del decreto<\/span><\/li>\n<li><span dir=\"auto\">El calendario jud\u00edo<\/span><\/li>\n<li><span dir=\"auto\">Cronolog\u00eda hist\u00f3rica<\/span><\/li>\n<\/ul>\n<p><span dir=\"auto\">La cronolog\u00eda se sit\u00faa precisamente en el&nbsp;<\/span><strong><span dir=\"auto\">siglo I d.C.<\/span><\/strong><span dir=\"auto\">&nbsp;, el per\u00edodo exacto en que&nbsp;<\/span><strong><span dir=\"auto\">Jes\u00fas de Nazaret<\/span><\/strong><span dir=\"auto\">&nbsp;apareci\u00f3 y fue presentado p\u00fablicamente.<\/span><\/p>\n<p><span dir=\"auto\">Esto no es una invenci\u00f3n cristiana.<\/span><\/p>\n<p><span dir=\"auto\">Los eruditos jud\u00edos anteriores al cristianismo esperaban la llegada del Mes\u00edas&nbsp;<\/span><strong><span dir=\"auto\">por esta \u00e9poca<\/span><\/strong><span dir=\"auto\">&nbsp;debido a lo que se narra en Daniel 9.<\/span><\/p>\n<div class=\"wp-block-image\">\n<figure class=\"aligncenter size-large\"><img loading=\"lazy\" decoding=\"async\" class=\"wp-image-12171 lazyautosizes lazyloaded\" src=\"https:\/\/evidence-for-the-bible.com\/wp-content\/uploads\/2026\/01\/Daniel-9-prophecy-5-1024x768.jpg\" sizes=\"754px\" srcset=\"https:\/\/evidence-for-the-bible.com\/wp-content\/uploads\/2026\/01\/Daniel-9-prophecy-5-1024x768.jpg 1024w, https:\/\/evidence-for-the-bible.com\/wp-content\/uploads\/2026\/01\/Daniel-9-prophecy-5-300x225.jpg 300w, https:\/\/evidence-for-the-bible.com\/wp-content\/uploads\/2026\/01\/Daniel-9-prophecy-5-768x576.jpg 768w, https:\/\/evidence-for-the-bible.com\/wp-content\/uploads\/2026\/01\/Daniel-9-prophecy-5-953x715.jpg 953w, https:\/\/evidence-for-the-bible.com\/wp-content\/uploads\/2026\/01\/Daniel-9-prophecy-5-562x422.jpg 562w, https:\/\/evidence-for-the-bible.com\/wp-content\/uploads\/2026\/01\/Daniel-9-prophecy-5-150x113.jpg 150w, https:\/\/evidence-for-the-bible.com\/wp-content\/uploads\/2026\/01\/Daniel-9-prophecy-5.jpg 1500w\" alt=\"\" width=\"1024\" height=\"768\" data-src=\"https:\/\/evidence-for-the-bible.com\/wp-content\/uploads\/2026\/01\/Daniel-9-prophecy-5-1024x768.jpg\" data-srcset=\"https:\/\/evidence-for-the-bible.com\/wp-content\/uploads\/2026\/01\/Daniel-9-prophecy-5-1024x768.jpg 1024w, https:\/\/evidence-for-the-bible.com\/wp-content\/uploads\/2026\/01\/Daniel-9-prophecy-5-300x225.jpg 300w, https:\/\/evidence-for-the-bible.com\/wp-content\/uploads\/2026\/01\/Daniel-9-prophecy-5-768x576.jpg 768w, https:\/\/evidence-for-the-bible.com\/wp-content\/uploads\/2026\/01\/Daniel-9-prophecy-5-953x715.jpg 953w, https:\/\/evidence-for-the-bible.com\/wp-content\/uploads\/2026\/01\/Daniel-9-prophecy-5-562x422.jpg 562w, https:\/\/evidence-for-the-bible.com\/wp-content\/uploads\/2026\/01\/Daniel-9-prophecy-5-150x113.jpg 150w, https:\/\/evidence-for-the-bible.com\/wp-content\/uploads\/2026\/01\/Daniel-9-prophecy-5.jpg 1500w\" data-sizes=\"auto\" data-eio-rwidth=\"1024\" data-eio-rheight=\"768\"><p><\/p>\n<figcaption class=\"wp-element-caption\"><span dir=\"auto\">Jerusal\u00e9n durante el siglo I, el per\u00edodo indicado por la profec\u00eda de Daniel.<\/span><\/figcaption>\n<\/figure>\n<\/div>\n<hr class=\"wp-block-separator has-alpha-channel-opacity\">\n<h4 id=\"h-after-that-the-messiah-will-be-cut-off\" class=\"wp-block-heading\"><strong><span dir=\"auto\">\u201cDespu\u00e9s de eso, el Mes\u00edas ser\u00e1 eliminado\u201d.<\/span><\/strong><\/h4>\n<p><span dir=\"auto\">Daniel contin\u00faa:<\/span><\/p>\n<blockquote class=\"wp-block-quote is-layout-flow wp-block-quote-is-layout-flow\"><p><span dir=\"auto\">\u201cY despu\u00e9s de sesenta y dos semanas, el Mes\u00edas ser\u00e1 quitado, pero no por s\u00ed mismo\u2026\u201d<\/span><\/p><\/blockquote>\n<p><span dir=\"auto\">Esta frase:<\/span><\/p>\n<ul class=\"wp-block-list\">\n<li><span dir=\"auto\">Se refiere a la muerte<\/span><\/li>\n<li><span dir=\"auto\">Describe una ejecuci\u00f3n injusta<\/span><\/li>\n<li><span dir=\"auto\">Implica sustituci\u00f3n (\u201cno por s\u00ed mismo\u201d)<\/span><\/li>\n<\/ul>\n<p><span dir=\"auto\">Esto coincide perfectamente con la crucifixi\u00f3n.<\/span><\/p>\n<hr class=\"wp-block-separator has-alpha-channel-opacity\">\n<h4 id=\"h-jerusalem-s-destruction-also-predicted\" class=\"wp-block-heading\"><strong><span dir=\"auto\">Tambi\u00e9n se predijo la destrucci\u00f3n de Jerusal\u00e9n.<\/span><\/strong><\/h4>\n<p><span dir=\"auto\">Daniel 9 predice adem\u00e1s:<\/span><\/p>\n<ul class=\"wp-block-list\">\n<li><span dir=\"auto\">La destrucci\u00f3n de Jerusal\u00e9n<\/span><\/li>\n<li><span dir=\"auto\">La destrucci\u00f3n del Templo<\/span><\/li>\n<\/ul>\n<p><span dir=\"auto\">Esto ocurri\u00f3 en el&nbsp;<\/span><strong><span dir=\"auto\">a\u00f1o 70 d.C.<\/span><\/strong><span dir=\"auto\">&nbsp;, poco despu\u00e9s de la muerte de Jes\u00fas.<\/span><\/p>\n<p><span dir=\"auto\">La profec\u00eda enlaza:<\/span><\/p>\n<ul class=\"wp-block-list\">\n<li><span dir=\"auto\">La aparici\u00f3n del Mes\u00edas<\/span><\/li>\n<li><span dir=\"auto\">La muerte del Mes\u00edas<\/span><\/li>\n<li><span dir=\"auto\">La destrucci\u00f3n de Jerusal\u00e9n<\/span><\/li>\n<\/ul>\n<p><span dir=\"auto\">En secuencia.<\/span><\/p>\n<hr class=\"wp-block-separator has-alpha-channel-opacity\">\n<h4 id=\"h-why-this-prophecy-is-so-difficult-to-dismiss\" class=\"wp-block-heading\"><strong><span dir=\"auto\">Por qu\u00e9 es tan dif\u00edcil de desestimar esta profec\u00eda<\/span><\/strong><\/h4>\n<p><span dir=\"auto\">Para rechazar Daniel 9, hay que afirmar:<\/span><\/p>\n<ul class=\"wp-block-list\">\n<li><span dir=\"auto\">El libro fue escrito despu\u00e9s de los hechos (contradichos por los manuscritos).<\/span><\/li>\n<li><span dir=\"auto\">O las fechas son una coincidencia.<\/span><\/li>\n<li><span dir=\"auto\">O la profec\u00eda fue editada (sin evidencia).<\/span><\/li>\n<\/ul>\n<p><span dir=\"auto\">Sin embargo, los&nbsp;<\/span><a href=\"https:\/\/evidence-for-the-bible.com\/archeological-evidence-for-the-bible\/archeological-evidence-for-the-dead-sea-scrolls\/\"><span dir=\"auto\">Rollos del Mar Muerto<\/span><\/a><span dir=\"auto\">&nbsp;confirman que Daniel existi\u00f3&nbsp;<\/span><strong><span dir=\"auto\">antes del cristianismo<\/span><\/strong><span dir=\"auto\">&nbsp;.<\/span><\/p>\n<hr class=\"wp-block-separator has-alpha-channel-opacity\">\n<h4 id=\"h-this-is-not-vague-prediction\" class=\"wp-block-heading\"><strong><span dir=\"auto\">Esto no es una predicci\u00f3n vaga.<\/span><\/strong><\/h4>\n<p><span dir=\"auto\">Daniel 9&nbsp;<\/span><strong><span dir=\"auto\">no<\/span><\/strong><span dir=\"auto\">&nbsp;dice:<\/span><\/p>\n<ul class=\"wp-block-list\">\n<li><span dir=\"auto\">\u00abAlg\u00fan d\u00eda\u00bb<\/span><\/li>\n<li><span dir=\"auto\">\u201cEn un futuro lejano\u201d<\/span><\/li>\n<li><span dir=\"auto\">\u201cEn un momento desconocido\u201d<\/span><\/li>\n<\/ul>\n<p><span dir=\"auto\">Da como resultado:<\/span><\/p>\n<ul class=\"wp-block-list\">\n<li><span dir=\"auto\">Un decreto<\/span><\/li>\n<li><span dir=\"auto\">Una cuenta regresiva<\/span><\/li>\n<li><span dir=\"auto\">Un Mes\u00edas<\/span><\/li>\n<li><span dir=\"auto\">Una muerte<\/span><\/li>\n<li><span dir=\"auto\">Una destrucci\u00f3n<\/span><\/li>\n<\/ul>\n<p><span dir=\"auto\">Eso no es una suposici\u00f3n.<\/span><\/p>\n<hr class=\"wp-block-separator has-alpha-channel-opacity\">\n<h4 id=\"h-why-this-matters\" class=\"wp-block-heading\"><strong><span dir=\"auto\">Por qu\u00e9 esto importa<\/span><\/strong><\/h4>\n<p><span dir=\"auto\">Daniel 9 muestra que:<\/span><\/p>\n<ul class=\"wp-block-list\">\n<li><span dir=\"auto\">Dios obra dentro de la historia.<\/span><\/li>\n<li><span dir=\"auto\">La redenci\u00f3n no es improvisada.<\/span><\/li>\n<li><span dir=\"auto\">Jes\u00fas no apareci\u00f3 al azar<\/span><\/li>\n<\/ul>\n<p><span dir=\"auto\">Lleg\u00f3&nbsp;<\/span><strong><span dir=\"auto\">a la hora prevista<\/span><\/strong><span dir=\"auto\">&nbsp;.<\/span><\/p>\n<hr class=\"wp-block-separator has-alpha-channel-opacity\">\n<h4 id=\"h-final-thought\" class=\"wp-block-heading\"><strong><span dir=\"auto\">Reflexi\u00f3n final<\/span><\/strong><\/h4>\n<p><span dir=\"auto\">Daniel 9 no le pide al lector que sienta.<\/span><\/p>\n<p><span dir=\"auto\">Le pide al lector que&nbsp;<\/span><strong><span dir=\"auto\">calcule<\/span><\/strong><span dir=\"auto\">&nbsp;.<\/span><\/p>\n<p><span dir=\"auto\">Y cuando lo haces, la conclusi\u00f3n es inevitable:<\/span><\/p>\n<blockquote class=\"wp-block-quote is-layout-flow wp-block-quote-is-layout-flow\"><p><span dir=\"auto\">El Mes\u00edas vino exactamente cuando las Escrituras dec\u00edan que lo har\u00eda.<\/span><\/p><\/blockquote>\t\t\t\t\t\t\t\t<\/div>\n\t\t\t\t<\/div>\n\t\t\t\t\t<\/div>\n\t\t<\/div>\n\t\t\t\t\t<\/div>\n\t\t<\/section>\n\t\t\t\t<\/div>","protected":false},"template":"","categories":[144],"class_list":["post-56878","red-de-preguntas","type-red-de-preguntas","status-publish","hentry","category-exegenetica"],"yoast_head":"<!-- This site is optimized with the Yoast SEO Premium plugin v22.8 (Yoast SEO v27.5) - https:\/\/yoast.com\/product\/yoast-seo-premium-wordpress\/ -->\n<title>\u00bfPor qu\u00e9 dijo Pablo: \u201cOjal\u00e1 se mutilaran a s\u00ed mismos\u201d? - CIG22<\/title>\n<meta name=\"robots\" content=\"index, follow, max-snippet:-1, max-image-preview:large, max-video-preview:-1\" \/>\n<link rel=\"canonical\" href=\"https:\/\/cig22.com\/ru\/red-de-preguntas\/por-que-dijo-pablo-ojala-se-mutilaran-a-si-mismos\/\" \/>\n<meta property=\"og:locale\" content=\"ru_RU\" \/>\n<meta property=\"og:type\" content=\"article\" \/>\n<meta property=\"og:title\" content=\"\u00bfPor qu\u00e9 dijo Pablo: \u201cOjal\u00e1 se mutilaran a s\u00ed mismos\u201d?\" \/>\n<meta property=\"og:description\" content=\"G\u00e1latas 5:12 \u201c\u00a1Ojal\u00e1 aquellos que te causan problemas se apartaran de ti!\u201d Otras traducciones lo hacen a\u00fan m\u00e1s directo: \u201c\u00a1Ojal\u00e1 aquellos que te perturban se castraran!\u201d \u201c\u00a1Ojal\u00e1 aquellos que te molestan tambi\u00e9n se dejaran mutilar!\u201d Eso suena brutal. Suena tan chocante que muchos cristianos evitan explicarlo. \u00bfPor qu\u00e9 dir\u00eda Pablo algo as\u00ed? \u00bfEstaba enojado? \u00bf [&hellip;]\" \/>\n<meta property=\"og:url\" content=\"https:\/\/cig22.com\/ru\/red-de-preguntas\/por-que-dijo-pablo-ojala-se-mutilaran-a-si-mismos\/\" \/>\n<meta property=\"og:site_name\" content=\"CIG22\" \/>\n<meta property=\"article:modified_time\" content=\"2026-04-29T23:05:55+00:00\" \/>\n<meta property=\"og:image\" content=\"https:\/\/cig22.com\/wp-content\/uploads\/el-tallo-white.png\" \/>\n<meta name=\"twitter:card\" content=\"summary_large_image\" \/>\n<meta name=\"twitter:label1\" content=\"Est. reading time\" \/>\n\t<meta name=\"twitter:data1\" content=\"23 minutes\" \/>\n<script type=\"application\/ld+json\" class=\"yoast-schema-graph\">{\"@context\":\"https:\\\/\\\/schema.org\",\"@graph\":[{\"@type\":\"WebPage\",\"@id\":\"https:\\\/\\\/cig22.com\\\/red-de-preguntas\\\/por-que-dijo-pablo-ojala-se-mutilaran-a-si-mismos\\\/\",\"url\":\"https:\\\/\\\/cig22.com\\\/red-de-preguntas\\\/por-que-dijo-pablo-ojala-se-mutilaran-a-si-mismos\\\/\",\"name\":\"\u00bfPor qu\u00e9 dijo Pablo: \u201cOjal\u00e1 se mutilaran a s\u00ed mismos\u201d? - CIG22\",\"isPartOf\":{\"@id\":\"https:\\\/\\\/cig22.com\\\/#website\"},\"primaryImageOfPage\":{\"@id\":\"https:\\\/\\\/cig22.com\\\/red-de-preguntas\\\/por-que-dijo-pablo-ojala-se-mutilaran-a-si-mismos\\\/#primaryimage\"},\"image\":{\"@id\":\"https:\\\/\\\/cig22.com\\\/red-de-preguntas\\\/por-que-dijo-pablo-ojala-se-mutilaran-a-si-mismos\\\/#primaryimage\"},\"thumbnailUrl\":\"https:\\\/\\\/cig22.com\\\/wp-content\\\/uploads\\\/el-tallo-white.png\",\"datePublished\":\"2026-04-29T21:17:19+00:00\",\"dateModified\":\"2026-04-29T23:05:55+00:00\",\"breadcrumb\":{\"@id\":\"https:\\\/\\\/cig22.com\\\/red-de-preguntas\\\/por-que-dijo-pablo-ojala-se-mutilaran-a-si-mismos\\\/#breadcrumb\"},\"inLanguage\":\"ru-RU\",\"potentialAction\":[{\"@type\":\"ReadAction\",\"target\":[\"https:\\\/\\\/cig22.com\\\/red-de-preguntas\\\/por-que-dijo-pablo-ojala-se-mutilaran-a-si-mismos\\\/\"]}]},{\"@type\":\"ImageObject\",\"inLanguage\":\"ru-RU\",\"@id\":\"https:\\\/\\\/cig22.com\\\/red-de-preguntas\\\/por-que-dijo-pablo-ojala-se-mutilaran-a-si-mismos\\\/#primaryimage\",\"url\":\"https:\\\/\\\/cig22.com\\\/wp-content\\\/uploads\\\/el-tallo-white.png\",\"contentUrl\":\"https:\\\/\\\/cig22.com\\\/wp-content\\\/uploads\\\/el-tallo-white.png\"},{\"@type\":\"BreadcrumbList\",\"@id\":\"https:\\\/\\\/cig22.com\\\/red-de-preguntas\\\/por-que-dijo-pablo-ojala-se-mutilaran-a-si-mismos\\\/#breadcrumb\",\"itemListElement\":[{\"@type\":\"ListItem\",\"position\":1,\"name\":\"Portada\",\"item\":\"https:\\\/\\\/cig22.com\\\/\"},{\"@type\":\"ListItem\",\"position\":2,\"name\":\"\u00bfPor qu\u00e9 dijo Pablo: \u201cOjal\u00e1 se mutilaran a s\u00ed mismos\u201d?\"}]},{\"@type\":\"WebSite\",\"@id\":\"https:\\\/\\\/cig22.com\\\/#website\",\"url\":\"https:\\\/\\\/cig22.com\\\/\",\"name\":\"Apoyo Mutuo\",\"description\":\"\",\"publisher\":{\"@id\":\"https:\\\/\\\/cig22.com\\\/#organization\"},\"potentialAction\":[{\"@type\":\"SearchAction\",\"target\":{\"@type\":\"EntryPoint\",\"urlTemplate\":\"https:\\\/\\\/cig22.com\\\/?s={search_term_string}\"},\"query-input\":{\"@type\":\"PropertyValueSpecification\",\"valueRequired\":true,\"valueName\":\"search_term_string\"}}],\"inLanguage\":\"ru-RU\"},{\"@type\":\"Organization\",\"@id\":\"https:\\\/\\\/cig22.com\\\/#organization\",\"name\":\"Apoyo Mutuo\",\"url\":\"https:\\\/\\\/cig22.com\\\/\",\"logo\":{\"@type\":\"ImageObject\",\"inLanguage\":\"ru-RU\",\"@id\":\"https:\\\/\\\/cig22.com\\\/#\\\/schema\\\/logo\\\/image\\\/\",\"url\":\"https:\\\/\\\/cig22.com\\\/wp-content\\\/uploads\\\/2024\\\/05\\\/logo.png\",\"contentUrl\":\"https:\\\/\\\/cig22.com\\\/wp-content\\\/uploads\\\/2024\\\/05\\\/logo.png\",\"width\":618,\"height\":217,\"caption\":\"Apoyo Mutuo\"},\"image\":{\"@id\":\"https:\\\/\\\/cig22.com\\\/#\\\/schema\\\/logo\\\/image\\\/\"}}]}<\/script>\n<!-- \/ Yoast SEO Premium plugin. -->","yoast_head_json":{"title":"\u00bfPor qu\u00e9 dijo Pablo: \u201cOjal\u00e1 se mutilaran a s\u00ed mismos\u201d? - CIG22","robots":{"index":"index","follow":"follow","max-snippet":"max-snippet:-1","max-image-preview":"max-image-preview:large","max-video-preview":"max-video-preview:-1"},"canonical":"https:\/\/cig22.com\/ru\/red-de-preguntas\/por-que-dijo-pablo-ojala-se-mutilaran-a-si-mismos\/","og_locale":"ru_RU","og_type":"article","og_title":"\u00bfPor qu\u00e9 dijo Pablo: \u201cOjal\u00e1 se mutilaran a s\u00ed mismos\u201d?","og_description":"G\u00e1latas 5:12 \u201c\u00a1Ojal\u00e1 aquellos que te causan problemas se apartaran de ti!\u201d Otras traducciones lo hacen a\u00fan m\u00e1s directo: \u201c\u00a1Ojal\u00e1 aquellos que te perturban se castraran!\u201d \u201c\u00a1Ojal\u00e1 aquellos que te molestan tambi\u00e9n se dejaran mutilar!\u201d Eso suena brutal. Suena tan chocante que muchos cristianos evitan explicarlo. \u00bfPor qu\u00e9 dir\u00eda Pablo algo as\u00ed? \u00bfEstaba enojado? \u00bf [&hellip;]","og_url":"https:\/\/cig22.com\/ru\/red-de-preguntas\/por-que-dijo-pablo-ojala-se-mutilaran-a-si-mismos\/","og_site_name":"CIG22","article_modified_time":"2026-04-29T23:05:55+00:00","og_image":[{"url":"https:\/\/cig22.com\/wp-content\/uploads\/el-tallo-white.png","type":"","width":"","height":""}],"twitter_card":"summary_large_image","twitter_misc":{"Est. reading time":"23 minutes"},"schema":{"@context":"https:\/\/schema.org","@graph":[{"@type":"WebPage","@id":"https:\/\/cig22.com\/red-de-preguntas\/por-que-dijo-pablo-ojala-se-mutilaran-a-si-mismos\/","url":"https:\/\/cig22.com\/red-de-preguntas\/por-que-dijo-pablo-ojala-se-mutilaran-a-si-mismos\/","name":"\u00bfPor qu\u00e9 dijo Pablo: \u201cOjal\u00e1 se mutilaran a s\u00ed mismos\u201d? - CIG22","isPartOf":{"@id":"https:\/\/cig22.com\/#website"},"primaryImageOfPage":{"@id":"https:\/\/cig22.com\/red-de-preguntas\/por-que-dijo-pablo-ojala-se-mutilaran-a-si-mismos\/#primaryimage"},"image":{"@id":"https:\/\/cig22.com\/red-de-preguntas\/por-que-dijo-pablo-ojala-se-mutilaran-a-si-mismos\/#primaryimage"},"thumbnailUrl":"https:\/\/cig22.com\/wp-content\/uploads\/el-tallo-white.png","datePublished":"2026-04-29T21:17:19+00:00","dateModified":"2026-04-29T23:05:55+00:00","breadcrumb":{"@id":"https:\/\/cig22.com\/red-de-preguntas\/por-que-dijo-pablo-ojala-se-mutilaran-a-si-mismos\/#breadcrumb"},"inLanguage":"ru-RU","potentialAction":[{"@type":"ReadAction","target":["https:\/\/cig22.com\/red-de-preguntas\/por-que-dijo-pablo-ojala-se-mutilaran-a-si-mismos\/"]}]},{"@type":"ImageObject","inLanguage":"ru-RU","@id":"https:\/\/cig22.com\/red-de-preguntas\/por-que-dijo-pablo-ojala-se-mutilaran-a-si-mismos\/#primaryimage","url":"https:\/\/cig22.com\/wp-content\/uploads\/el-tallo-white.png","contentUrl":"https:\/\/cig22.com\/wp-content\/uploads\/el-tallo-white.png"},{"@type":"BreadcrumbList","@id":"https:\/\/cig22.com\/red-de-preguntas\/por-que-dijo-pablo-ojala-se-mutilaran-a-si-mismos\/#breadcrumb","itemListElement":[{"@type":"ListItem","position":1,"name":"Portada","item":"https:\/\/cig22.com\/"},{"@type":"ListItem","position":2,"name":"\u00bfPor qu\u00e9 dijo Pablo: \u201cOjal\u00e1 se mutilaran a s\u00ed mismos\u201d?"}]},{"@type":"WebSite","@id":"https:\/\/cig22.com\/#website","url":"https:\/\/cig22.com\/","name":"\u0412\u0437\u0430\u0438\u043c\u043d\u0430\u044f \u043f\u043e\u0434\u0434\u0435\u0440\u0436\u043a\u0430","description":"","publisher":{"@id":"https:\/\/cig22.com\/#organization"},"potentialAction":[{"@type":"SearchAction","target":{"@type":"EntryPoint","urlTemplate":"https:\/\/cig22.com\/?s={search_term_string}"},"query-input":{"@type":"PropertyValueSpecification","valueRequired":true,"valueName":"search_term_string"}}],"inLanguage":"ru-RU"},{"@type":"Organization","@id":"https:\/\/cig22.com\/#organization","name":"\u0412\u0437\u0430\u0438\u043c\u043d\u0430\u044f \u043f\u043e\u0434\u0434\u0435\u0440\u0436\u043a\u0430","url":"https:\/\/cig22.com\/","logo":{"@type":"ImageObject","inLanguage":"ru-RU","@id":"https:\/\/cig22.com\/#\/schema\/logo\/image\/","url":"https:\/\/cig22.com\/wp-content\/uploads\/2024\/05\/logo.png","contentUrl":"https:\/\/cig22.com\/wp-content\/uploads\/2024\/05\/logo.png","width":618,"height":217,"caption":"Apoyo Mutuo"},"image":{"@id":"https:\/\/cig22.com\/#\/schema\/logo\/image\/"}}]}},"_links":{"self":[{"href":"https:\/\/cig22.com\/ru\/wp-json\/wp\/v2\/red-de-preguntas\/56878","targetHints":{"allow":["GET"]}}],"collection":[{"href":"https:\/\/cig22.com\/ru\/wp-json\/wp\/v2\/red-de-preguntas"}],"about":[{"href":"https:\/\/cig22.com\/ru\/wp-json\/wp\/v2\/types\/red-de-preguntas"}],"version-history":[{"count":7,"href":"https:\/\/cig22.com\/ru\/wp-json\/wp\/v2\/red-de-preguntas\/56878\/revisions"}],"predecessor-version":[{"id":56908,"href":"https:\/\/cig22.com\/ru\/wp-json\/wp\/v2\/red-de-preguntas\/56878\/revisions\/56908"}],"wp:attachment":[{"href":"https:\/\/cig22.com\/ru\/wp-json\/wp\/v2\/media?parent=56878"}],"wp:term":[{"taxonomy":"category","embeddable":true,"href":"https:\/\/cig22.com\/ru\/wp-json\/wp\/v2\/categories?post=56878"}],"curies":[{"name":"wp","href":"https:\/\/api.w.org\/{rel}","templated":true}]}}