{"id":23598,"date":"2025-06-01T22:10:20","date_gmt":"2025-06-01T22:10:20","guid":{"rendered":"https:\/\/cig22.com\/?post_type=el-tallo&#038;p=23598"},"modified":"2025-06-01T22:13:19","modified_gmt":"2025-06-01T22:13:19","slug":"medir-un-dia-en-genesis","status":"publish","type":"el-tallo","link":"https:\/\/cig22.com\/ru\/el-tallo\/medir-un-dia-en-genesis\/","title":{"rendered":"Medir un d\u00eda en G\u00e9nesis"},"content":{"rendered":"<div data-elementor-type=\"wp-post\" data-elementor-id=\"23598\" class=\"elementor elementor-23598\" data-elementor-post-type=\"el-tallo\">\n\t\t\t\t\t\t<section class=\"elementor-section elementor-top-section elementor-element elementor-element-0b2c82f elementor-section-full_width elementor-section-stretched elementor-section-height-default elementor-section-height-default\" data-id=\"0b2c82f\" data-element_type=\"section\" data-e-type=\"section\" data-settings=\"{&quot;stretch_section&quot;:&quot;section-stretched&quot;,&quot;background_background&quot;:&quot;classic&quot;}\">\n\t\t\t\t\t\t<div class=\"elementor-container elementor-column-gap-no\">\n\t\t\t\t\t<div class=\"elementor-column elementor-col-100 elementor-top-column elementor-element elementor-element-99f01a2\" data-id=\"99f01a2\" data-element_type=\"column\" data-e-type=\"column\">\n\t\t\t<div class=\"elementor-widget-wrap elementor-element-populated\">\n\t\t\t\t\t\t<div class=\"elementor-element elementor-element-5453633 elementor-widget elementor-widget-image\" data-id=\"5453633\" data-element_type=\"widget\" data-e-type=\"widget\" data-widget_type=\"image.default\">\n\t\t\t\t<div class=\"elementor-widget-container\">\n\t\t\t\t\t\t\t\t\t\t\t\t\t\t\t<img fetchpriority=\"high\" decoding=\"async\" width=\"549\" height=\"116\" src=\"https:\/\/cig22.com\/wp-content\/uploads\/el-tallo-white.png\" class=\"attachment-large size-large wp-image-21194\" alt=\"\" srcset=\"https:\/\/cig22.com\/wp-content\/uploads\/el-tallo-white.png 549w, https:\/\/cig22.com\/wp-content\/uploads\/el-tallo-white-300x63.png 300w, https:\/\/cig22.com\/wp-content\/uploads\/el-tallo-white-18x4.png 18w\" sizes=\"(max-width: 549px) 100vw, 549px\" \/>\t\t\t\t\t\t\t\t\t\t\t\t\t\t\t<\/div>\n\t\t\t\t<\/div>\n\t\t\t\t\t<\/div>\n\t\t<\/div>\n\t\t\t\t\t<\/div>\n\t\t<\/section>\n\t\t\t\t<section class=\"elementor-section elementor-top-section elementor-element elementor-element-951ff1e elementor-section-boxed elementor-section-height-default elementor-section-height-default\" data-id=\"951ff1e\" data-element_type=\"section\" data-e-type=\"section\">\n\t\t\t\t\t\t<div class=\"elementor-container elementor-column-gap-default\">\n\t\t\t\t\t<div class=\"elementor-column elementor-col-100 elementor-top-column elementor-element elementor-element-342aea1\" data-id=\"342aea1\" data-element_type=\"column\" data-e-type=\"column\">\n\t\t\t<div class=\"elementor-widget-wrap elementor-element-populated\">\n\t\t\t\t\t\t<div class=\"elementor-element elementor-element-0f54e0f elementor-widget elementor-widget-heading\" data-id=\"0f54e0f\" data-element_type=\"widget\" data-e-type=\"widget\" data-widget_type=\"heading.default\">\n\t\t\t\t<div class=\"elementor-widget-container\">\n\t\t\t\t\t<h2 class=\"elementor-heading-title elementor-size-default\">Medir un d\u00eda en G\u00e9nesis<\/h2>\t\t\t\t<\/div>\n\t\t\t\t<\/div>\n\t\t\t\t<div class=\"elementor-element elementor-element-54439f0 elementor-widget elementor-widget-text-editor\" data-id=\"54439f0\" data-element_type=\"widget\" data-e-type=\"widget\" data-widget_type=\"text-editor.default\">\n\t\t\t\t<div class=\"elementor-widget-container\">\n\t\t\t\t\t\t\t\t\t<p class=\"p1\"><span class=\"s1\"><span>La ilustraci\u00f3n m\u00e1s natural para medir un d\u00eda en G\u00e9nesis 1 desde la tarde hasta la ma\u00f1ana es que el inicio del tiempo estuvo marcado por la oscuridad. Al profundizar en la evidencia exeg\u00e9tica, veamos lo que se\u00f1ala G\u00e9nesis 1:2:\u00a0<\/span><\/span><\/p><p class=\"p1\"><span class=\"s1\">\u00a0<\/span><\/p><blockquote><p><span class=\"s1\"><span>\u201cLa tierra estaba desordenada y vac\u00eda, y las tinieblas estaban sobre la faz del abismo.\u201d<\/span><\/span><\/p><\/blockquote><p class=\"p1\"><span class=\"s1\">\u00a0<\/span><\/p><p class=\"p1\"><span class=\"s1\"><span>Luego, en G\u00e9nesis 1:3-5,\u00a0<\/span><\/span><\/p><p class=\"p1\"><span class=\"s1\">\u00a0<\/span><\/p><blockquote><p><span class=\"s1\"><span>Dijo Dios: \u00abH\u00e1gase la luz\u00bb, y la luz fue. Y vio Dios que la luz era buena. Y separ\u00f3 Dios la luz de las tinieblas. Y llam\u00f3 Dios a la luz D\u00eda, y a las tinieblas Noche. Y fue la tarde y la ma\u00f1ana: un d\u00eda.<\/span><\/span><\/p><\/blockquote><p><span><span class=\"\">La luz sigui\u00f3 a la oscuridad, se\u00f1alando los hitos de un d\u00eda completo. En la costumbre jud\u00eda, los d\u00edas siguen este patr\u00f3n: primero la noche, luego el d\u00eda. A\u00fan hoy, los jud\u00edos practicantes observan el sabbat desde la puesta del sol del viernes hasta la puesta del sol del s\u00e1bado.<\/span><\/span><\/p><p>\u00a0<\/p><p><span>Finalmente, se produjo un cambio en la pr\u00e1ctica actual, seg\u00fan la cual el d\u00eda comienza a la medianoche. El calendario moderno se basa en el calendario gregoriano, una modificaci\u00f3n del calendario juliano, utilizado en el a\u00f1o 45 a. C. por Julio C\u00e9sar. Con la expansi\u00f3n del cristianismo por Europa, el calendario juliano se convirti\u00f3 en el est\u00e1ndar adoptado por otros pa\u00edses. La transici\u00f3n al calendario gregoriano se produjo en 1582.<\/span><\/p><p>\u00a0<\/p><p><span>G\u00e9nesis 1 comunica que los d\u00edas de la semana se determinaron inicialmente como \u00abtarde\u00bb y luego como \u00abma\u00f1ana\u00bb. Cada descripci\u00f3n de los 7 d\u00edas de la creaci\u00f3n utiliza este formato, mostrando claramente un d\u00eda que comenz\u00f3 al atardecer.<\/span><\/p><p>\u00a0<\/p><p><span>En G\u00e9nesis, la medici\u00f3n del d\u00eda, desde la tarde hasta la ma\u00f1ana, es una extensi\u00f3n natural de la transformaci\u00f3n de la oscuridad en luz por parte de Dios. Contiene el concepto del amanecer, la tarde disolvi\u00e9ndose en la ma\u00f1ana, la luz y el calor emergiendo, intensific\u00e1ndose, envolvi\u00e9ndolos y finalmente reemplazando la oscuridad y el fr\u00edo.<\/span><\/p><p>\u00a0<\/p><p><span>Esta costumbre continu\u00f3 durante la \u00e9poca del Nuevo Testamento y es practicada hoy por muchos jud\u00edos observantes. Los cristianos no est\u00e1n obligados a dividir los d\u00edas de la misma manera; sin embargo, comprender el m\u00e9todo jud\u00edo de contar el tiempo es esencial para comprender algunas de las pr\u00e1cticas culturales de la Biblia.<\/span><\/p><p><span>Bas\u00e1ndonos en nuestra evidencia exeg\u00e9tica para medir un d\u00eda en G\u00e9nesis, seis d\u00edas literales es la interpretaci\u00f3n del relato de G\u00e9nesis.<\/span><\/p>\t\t\t\t\t\t\t\t<\/div>\n\t\t\t\t<\/div>\n\t\t\t\t\t<\/div>\n\t\t<\/div>\n\t\t\t\t\t<\/div>\n\t\t<\/section>\n\t\t\t\t<\/div>","protected":false},"featured_media":0,"template":"","categories":[144],"class_list":["post-23598","el-tallo","type-el-tallo","status-publish","hentry","category-exegenetica"],"yoast_head":"<!-- This site is optimized with the Yoast SEO Premium plugin v22.8 (Yoast SEO v27.4) - https:\/\/yoast.com\/product\/yoast-seo-premium-wordpress\/ -->\n<title>Medir un d\u00eda en G\u00e9nesis - CIG22<\/title>\n<meta name=\"robots\" content=\"index, follow, max-snippet:-1, max-image-preview:large, max-video-preview:-1\" \/>\n<link rel=\"canonical\" href=\"https:\/\/cig22.com\/ru\/el-tallo\/medir-un-dia-en-genesis\/\" \/>\n<meta property=\"og:locale\" content=\"ru_RU\" \/>\n<meta property=\"og:type\" content=\"article\" \/>\n<meta property=\"og:title\" content=\"Medir un d\u00eda en G\u00e9nesis\" \/>\n<meta property=\"og:description\" content=\"La ilustraci\u00f3n m\u00e1s natural para medir un d\u00eda en G\u00e9nesis 1 desde la tarde hasta la ma\u00f1ana es que el inicio del tiempo estuvo marcado por la oscuridad. Al profundizar en la evidencia exeg\u00e9tica, veamos lo que se\u00f1ala G\u00e9nesis 1:2:\u00a0 \u00a0 \u201cLa tierra estaba desordenada y vac\u00eda, y las tinieblas estaban sobre la faz del [&hellip;]\" \/>\n<meta property=\"og:url\" content=\"https:\/\/cig22.com\/ru\/el-tallo\/medir-un-dia-en-genesis\/\" \/>\n<meta property=\"og:site_name\" content=\"CIG22\" \/>\n<meta property=\"article:modified_time\" content=\"2025-06-01T22:13:19+00:00\" \/>\n<meta property=\"og:image\" content=\"https:\/\/cig22.com\/wp-content\/uploads\/el-tallo-white.png\" \/>\n<meta name=\"twitter:card\" content=\"summary_large_image\" \/>\n<meta name=\"twitter:label1\" content=\"Est. reading time\" \/>\n\t<meta name=\"twitter:data1\" content=\"2 minutes\" \/>\n<script type=\"application\/ld+json\" class=\"yoast-schema-graph\">{\"@context\":\"https:\\\/\\\/schema.org\",\"@graph\":[{\"@type\":\"WebPage\",\"@id\":\"https:\\\/\\\/cig22.com\\\/el-tallo\\\/medir-un-dia-en-genesis\\\/\",\"url\":\"https:\\\/\\\/cig22.com\\\/el-tallo\\\/medir-un-dia-en-genesis\\\/\",\"name\":\"Medir un d\u00eda en G\u00e9nesis - CIG22\",\"isPartOf\":{\"@id\":\"https:\\\/\\\/cig22.com\\\/#website\"},\"primaryImageOfPage\":{\"@id\":\"https:\\\/\\\/cig22.com\\\/el-tallo\\\/medir-un-dia-en-genesis\\\/#primaryimage\"},\"image\":{\"@id\":\"https:\\\/\\\/cig22.com\\\/el-tallo\\\/medir-un-dia-en-genesis\\\/#primaryimage\"},\"thumbnailUrl\":\"https:\\\/\\\/cig22.com\\\/wp-content\\\/uploads\\\/el-tallo-white.png\",\"datePublished\":\"2025-06-01T22:10:20+00:00\",\"dateModified\":\"2025-06-01T22:13:19+00:00\",\"breadcrumb\":{\"@id\":\"https:\\\/\\\/cig22.com\\\/el-tallo\\\/medir-un-dia-en-genesis\\\/#breadcrumb\"},\"inLanguage\":\"ru-RU\",\"potentialAction\":[{\"@type\":\"ReadAction\",\"target\":[\"https:\\\/\\\/cig22.com\\\/el-tallo\\\/medir-un-dia-en-genesis\\\/\"]}]},{\"@type\":\"ImageObject\",\"inLanguage\":\"ru-RU\",\"@id\":\"https:\\\/\\\/cig22.com\\\/el-tallo\\\/medir-un-dia-en-genesis\\\/#primaryimage\",\"url\":\"https:\\\/\\\/cig22.com\\\/wp-content\\\/uploads\\\/el-tallo-white.png\",\"contentUrl\":\"https:\\\/\\\/cig22.com\\\/wp-content\\\/uploads\\\/el-tallo-white.png\"},{\"@type\":\"BreadcrumbList\",\"@id\":\"https:\\\/\\\/cig22.com\\\/el-tallo\\\/medir-un-dia-en-genesis\\\/#breadcrumb\",\"itemListElement\":[{\"@type\":\"ListItem\",\"position\":1,\"name\":\"Portada\",\"item\":\"https:\\\/\\\/cig22.com\\\/\"},{\"@type\":\"ListItem\",\"position\":2,\"name\":\"Medir un d\u00eda en G\u00e9nesis\"}]},{\"@type\":\"WebSite\",\"@id\":\"https:\\\/\\\/cig22.com\\\/#website\",\"url\":\"https:\\\/\\\/cig22.com\\\/\",\"name\":\"Apoyo Mutuo\",\"description\":\"\",\"publisher\":{\"@id\":\"https:\\\/\\\/cig22.com\\\/#organization\"},\"potentialAction\":[{\"@type\":\"SearchAction\",\"target\":{\"@type\":\"EntryPoint\",\"urlTemplate\":\"https:\\\/\\\/cig22.com\\\/?s={search_term_string}\"},\"query-input\":{\"@type\":\"PropertyValueSpecification\",\"valueRequired\":true,\"valueName\":\"search_term_string\"}}],\"inLanguage\":\"ru-RU\"},{\"@type\":\"Organization\",\"@id\":\"https:\\\/\\\/cig22.com\\\/#organization\",\"name\":\"Apoyo Mutuo\",\"url\":\"https:\\\/\\\/cig22.com\\\/\",\"logo\":{\"@type\":\"ImageObject\",\"inLanguage\":\"ru-RU\",\"@id\":\"https:\\\/\\\/cig22.com\\\/#\\\/schema\\\/logo\\\/image\\\/\",\"url\":\"https:\\\/\\\/cig22.com\\\/wp-content\\\/uploads\\\/2024\\\/05\\\/logo.png\",\"contentUrl\":\"https:\\\/\\\/cig22.com\\\/wp-content\\\/uploads\\\/2024\\\/05\\\/logo.png\",\"width\":618,\"height\":217,\"caption\":\"Apoyo Mutuo\"},\"image\":{\"@id\":\"https:\\\/\\\/cig22.com\\\/#\\\/schema\\\/logo\\\/image\\\/\"}}]}<\/script>\n<!-- \/ Yoast SEO Premium plugin. -->","yoast_head_json":{"title":"Medir un d\u00eda en G\u00e9nesis - CIG22","robots":{"index":"index","follow":"follow","max-snippet":"max-snippet:-1","max-image-preview":"max-image-preview:large","max-video-preview":"max-video-preview:-1"},"canonical":"https:\/\/cig22.com\/ru\/el-tallo\/medir-un-dia-en-genesis\/","og_locale":"ru_RU","og_type":"article","og_title":"Medir un d\u00eda en G\u00e9nesis","og_description":"La ilustraci\u00f3n m\u00e1s natural para medir un d\u00eda en G\u00e9nesis 1 desde la tarde hasta la ma\u00f1ana es que el inicio del tiempo estuvo marcado por la oscuridad. Al profundizar en la evidencia exeg\u00e9tica, veamos lo que se\u00f1ala G\u00e9nesis 1:2:\u00a0 \u00a0 \u201cLa tierra estaba desordenada y vac\u00eda, y las tinieblas estaban sobre la faz del [&hellip;]","og_url":"https:\/\/cig22.com\/ru\/el-tallo\/medir-un-dia-en-genesis\/","og_site_name":"CIG22","article_modified_time":"2025-06-01T22:13:19+00:00","og_image":[{"url":"https:\/\/cig22.com\/wp-content\/uploads\/el-tallo-white.png","type":"","width":"","height":""}],"twitter_card":"summary_large_image","twitter_misc":{"Est. reading time":"2 minutes"},"schema":{"@context":"https:\/\/schema.org","@graph":[{"@type":"WebPage","@id":"https:\/\/cig22.com\/el-tallo\/medir-un-dia-en-genesis\/","url":"https:\/\/cig22.com\/el-tallo\/medir-un-dia-en-genesis\/","name":"Medir un d\u00eda en G\u00e9nesis - CIG22","isPartOf":{"@id":"https:\/\/cig22.com\/#website"},"primaryImageOfPage":{"@id":"https:\/\/cig22.com\/el-tallo\/medir-un-dia-en-genesis\/#primaryimage"},"image":{"@id":"https:\/\/cig22.com\/el-tallo\/medir-un-dia-en-genesis\/#primaryimage"},"thumbnailUrl":"https:\/\/cig22.com\/wp-content\/uploads\/el-tallo-white.png","datePublished":"2025-06-01T22:10:20+00:00","dateModified":"2025-06-01T22:13:19+00:00","breadcrumb":{"@id":"https:\/\/cig22.com\/el-tallo\/medir-un-dia-en-genesis\/#breadcrumb"},"inLanguage":"ru-RU","potentialAction":[{"@type":"ReadAction","target":["https:\/\/cig22.com\/el-tallo\/medir-un-dia-en-genesis\/"]}]},{"@type":"ImageObject","inLanguage":"ru-RU","@id":"https:\/\/cig22.com\/el-tallo\/medir-un-dia-en-genesis\/#primaryimage","url":"https:\/\/cig22.com\/wp-content\/uploads\/el-tallo-white.png","contentUrl":"https:\/\/cig22.com\/wp-content\/uploads\/el-tallo-white.png"},{"@type":"BreadcrumbList","@id":"https:\/\/cig22.com\/el-tallo\/medir-un-dia-en-genesis\/#breadcrumb","itemListElement":[{"@type":"ListItem","position":1,"name":"Portada","item":"https:\/\/cig22.com\/"},{"@type":"ListItem","position":2,"name":"Medir un d\u00eda en G\u00e9nesis"}]},{"@type":"WebSite","@id":"https:\/\/cig22.com\/#website","url":"https:\/\/cig22.com\/","name":"\u0412\u0437\u0430\u0438\u043c\u043d\u0430\u044f \u043f\u043e\u0434\u0434\u0435\u0440\u0436\u043a\u0430","description":"","publisher":{"@id":"https:\/\/cig22.com\/#organization"},"potentialAction":[{"@type":"SearchAction","target":{"@type":"EntryPoint","urlTemplate":"https:\/\/cig22.com\/?s={search_term_string}"},"query-input":{"@type":"PropertyValueSpecification","valueRequired":true,"valueName":"search_term_string"}}],"inLanguage":"ru-RU"},{"@type":"Organization","@id":"https:\/\/cig22.com\/#organization","name":"\u0412\u0437\u0430\u0438\u043c\u043d\u0430\u044f \u043f\u043e\u0434\u0434\u0435\u0440\u0436\u043a\u0430","url":"https:\/\/cig22.com\/","logo":{"@type":"ImageObject","inLanguage":"ru-RU","@id":"https:\/\/cig22.com\/#\/schema\/logo\/image\/","url":"https:\/\/cig22.com\/wp-content\/uploads\/2024\/05\/logo.png","contentUrl":"https:\/\/cig22.com\/wp-content\/uploads\/2024\/05\/logo.png","width":618,"height":217,"caption":"Apoyo Mutuo"},"image":{"@id":"https:\/\/cig22.com\/#\/schema\/logo\/image\/"}}]}},"_links":{"self":[{"href":"https:\/\/cig22.com\/ru\/wp-json\/wp\/v2\/el-tallo\/23598","targetHints":{"allow":["GET"]}}],"collection":[{"href":"https:\/\/cig22.com\/ru\/wp-json\/wp\/v2\/el-tallo"}],"about":[{"href":"https:\/\/cig22.com\/ru\/wp-json\/wp\/v2\/types\/el-tallo"}],"version-history":[{"count":4,"href":"https:\/\/cig22.com\/ru\/wp-json\/wp\/v2\/el-tallo\/23598\/revisions"}],"predecessor-version":[{"id":23644,"href":"https:\/\/cig22.com\/ru\/wp-json\/wp\/v2\/el-tallo\/23598\/revisions\/23644"}],"wp:attachment":[{"href":"https:\/\/cig22.com\/ru\/wp-json\/wp\/v2\/media?parent=23598"}],"wp:term":[{"taxonomy":"category","embeddable":true,"href":"https:\/\/cig22.com\/ru\/wp-json\/wp\/v2\/categories?post=23598"}],"curies":[{"name":"wp","href":"https:\/\/api.w.org\/{rel}","templated":true}]}}