{"id":21398,"date":"2025-05-26T20:42:54","date_gmt":"2025-05-26T20:42:54","guid":{"rendered":"https:\/\/cig22.com\/?post_type=el-tallo&#038;p=21398"},"modified":"2025-05-26T20:48:23","modified_gmt":"2025-05-26T20:48:23","slug":"una-sola-raza-humana","status":"publish","type":"el-tallo","link":"https:\/\/cig22.com\/ru\/el-tallo\/una-sola-raza-humana\/","title":{"rendered":"Una sola raza humana"},"content":{"rendered":"<div data-elementor-type=\"wp-post\" data-elementor-id=\"21398\" class=\"elementor elementor-21398\" data-elementor-post-type=\"el-tallo\">\n\t\t\t\t\t\t<section class=\"elementor-section elementor-top-section elementor-element elementor-element-0b2c82f elementor-section-full_width elementor-section-stretched elementor-section-height-default elementor-section-height-default\" data-id=\"0b2c82f\" data-element_type=\"section\" data-e-type=\"section\" data-settings=\"{&quot;stretch_section&quot;:&quot;section-stretched&quot;,&quot;background_background&quot;:&quot;classic&quot;}\">\n\t\t\t\t\t\t<div class=\"elementor-container elementor-column-gap-no\">\n\t\t\t\t\t<div class=\"elementor-column elementor-col-100 elementor-top-column elementor-element elementor-element-99f01a2\" data-id=\"99f01a2\" data-element_type=\"column\" data-e-type=\"column\">\n\t\t\t<div class=\"elementor-widget-wrap elementor-element-populated\">\n\t\t\t\t\t\t<div class=\"elementor-element elementor-element-5453633 elementor-widget elementor-widget-image\" data-id=\"5453633\" data-element_type=\"widget\" data-e-type=\"widget\" data-widget_type=\"image.default\">\n\t\t\t\t<div class=\"elementor-widget-container\">\n\t\t\t\t\t\t\t\t\t\t\t\t\t\t\t<img fetchpriority=\"high\" decoding=\"async\" width=\"549\" height=\"116\" src=\"https:\/\/cig22.com\/wp-content\/uploads\/el-tallo-white.png\" class=\"attachment-large size-large wp-image-21194\" alt=\"\" srcset=\"https:\/\/cig22.com\/wp-content\/uploads\/el-tallo-white.png 549w, https:\/\/cig22.com\/wp-content\/uploads\/el-tallo-white-300x63.png 300w, https:\/\/cig22.com\/wp-content\/uploads\/el-tallo-white-18x4.png 18w\" sizes=\"(max-width: 549px) 100vw, 549px\" \/>\t\t\t\t\t\t\t\t\t\t\t\t\t\t\t<\/div>\n\t\t\t\t<\/div>\n\t\t\t\t\t<\/div>\n\t\t<\/div>\n\t\t\t\t\t<\/div>\n\t\t<\/section>\n\t\t\t\t<section class=\"elementor-section elementor-top-section elementor-element elementor-element-951ff1e elementor-section-boxed elementor-section-height-default elementor-section-height-default\" data-id=\"951ff1e\" data-element_type=\"section\" data-e-type=\"section\">\n\t\t\t\t\t\t<div class=\"elementor-container elementor-column-gap-default\">\n\t\t\t\t\t<div class=\"elementor-column elementor-col-100 elementor-top-column elementor-element elementor-element-342aea1\" data-id=\"342aea1\" data-element_type=\"column\" data-e-type=\"column\">\n\t\t\t<div class=\"elementor-widget-wrap elementor-element-populated\">\n\t\t\t\t\t\t<div class=\"elementor-element elementor-element-0f54e0f elementor-widget elementor-widget-heading\" data-id=\"0f54e0f\" data-element_type=\"widget\" data-e-type=\"widget\" data-widget_type=\"heading.default\">\n\t\t\t\t<div class=\"elementor-widget-container\">\n\t\t\t\t\t<h2 class=\"elementor-heading-title elementor-size-default\">Una sola raza humana<\/h2>\t\t\t\t<\/div>\n\t\t\t\t<\/div>\n\t\t\t\t<div class=\"elementor-element elementor-element-54439f0 elementor-widget elementor-widget-text-editor\" data-id=\"54439f0\" data-element_type=\"widget\" data-e-type=\"widget\" data-widget_type=\"text-editor.default\">\n\t\t\t\t<div class=\"elementor-widget-container\">\n\t\t\t\t\t\t\t\t\t<div>Mucha gente trata a los dem\u00e1s de forma diferente, dependiendo de estas supuestas cualidades raciales. Creen que estas distinciones van m\u00e1s all\u00e1 de lo superficial y que tienen ramificaciones en su valor como seres humanos, e incluso en su posici\u00f3n en la \u00abescala evolutiva\u00bb. \u00bfTiene sentido? \u00bfCu\u00e1ntas \u00abrazas\u00bb existen? \u00bfC\u00f3mo se originaron? \u00bfAcaso estas distinciones justifican un sesgo? Exploremos la evidencia cient\u00edfica de una raza humana.<span style=\"background-color: var(--g5-background-color); font-style: var(--g5-body-font-style);\">\u00a0<\/span><\/div><div><span style=\"background-color: var(--g5-background-color); font-style: var(--g5-body-font-style);\">\u00a0<\/span><\/div><div>La Palabra de Dios resuelve este problema. Solo existe una raza humana. Esto se desprende claramente de la historia que se descubre en G\u00e9nesis.<br \/><span style=\"background-color: var(--g5-background-color); font-style: var(--g5-body-font-style);\">\u00a0<\/span><\/div><div>En el principio, Dios cre\u00f3 al primer hombre, Ad\u00e1n. Luego, cre\u00f3 a la primera mujer, Eva, del costado del hombre. Ad\u00e1n y Eva fueron nuestros padres originales, hechos a imagen de Dios. Todos los seres humanos se remontan a estas dos personas. Esto queda perfectamente claro en G\u00e9nesis 3:20, donde Ad\u00e1n declar\u00f3 que Eva era la madre de todos los vivientes.<\/div><div>\u00a0<\/div><div>Entonces, si todos somos descendientes de Ad\u00e1n y Eva, deber\u00edamos ser pr\u00e1cticamente id\u00e9nticos, \u00bfverdad? \u00bfC\u00f3mo podemos explicar toda la diversidad entre las personas?<\/div><div>\u00a0<\/div><div>G\u00e9nesis 11 explica una \u00e9poca en la que los seres humanos se rebelaron contra Dios al establecerse en Babel y negarse a expandirse por todo el mundo. Debido a esto, Dios confundi\u00f3 su lenguaje, y grupos de personas se separaron y se alejaron unos de otros.<\/div><div>\u00a0<\/div><div><div><span><span class=\"\">Como consecuencia de Babel, los grupos \u00e9tnicos no pudieron mezclarse f\u00e1cilmente. Terminaron separados gen\u00e9ticamente, lo que significa que se casaron y tuvieron descendencia principalmente dentro de su grupo espec\u00edfico. Con el paso de los a\u00f1os, cada grupo desarroll\u00f3 su propia cultura y sus propias costumbres. Al estar separados gen\u00e9ticamente, varias cualidades f\u00edsicas se hicieron m\u00e1s evidentes en cada grupo. Estas cualidades \u00e9tnicas se consideran err\u00f3neamente cualidades raciales; sin embargo, en realidad solo existe una raza: la raza humana. Todas estas personas eran simplemente personas.<\/span><\/span><\/div><div>\u00a0<\/div><div><span>Utilicemos el color de la piel para mostrar la evidencia cient\u00edfica de una raza humana.<\/span><\/div><\/div><div><section class=\"elementor-section elementor-top-section elementor-element elementor-element-d26eaeb elementor-section-boxed elementor-section-height-default elementor-section-height-default\" data-id=\"d26eaeb\" data-element_type=\"section\"><div class=\"elementor-container elementor-column-gap-default\"><div class=\"elementor-column elementor-col-100 elementor-top-column elementor-element elementor-element-46531f5\" data-id=\"46531f5\" data-element_type=\"column\"><div class=\"elementor-widget-wrap elementor-element-populated\"><div class=\"elementor-element elementor-element-c751311 elementor-widget elementor-widget-text-editor\" data-id=\"c751311\" data-element_type=\"widget\" data-widget_type=\"text-editor.default\"><div class=\"elementor-widget-container\"><div><span>El pigmento principal responsable del color de piel de todos es la melanina. En definitiva, todos tenemos el mismo color de piel; simplemente tenemos diferentes tonos de piel. Los dos tipos de melanina son la eumelanina (de marr\u00f3n a negro) y la feomelanina (de rojo a amarillo). Su proporci\u00f3n determina el tono de piel.<\/span><\/div><div>\u00a0<\/div><div><span>Entonces, \u00bfqu\u00e9 hace que algunas personas tengan la piel muy oscura mientras que otras la tengan m\u00e1s clara? El lugar donde viven marca una gran diferencia. Por ejemplo, la piel m\u00e1s oscura en quienes viven en zonas cercanas al ecuador las protege de la luz solar extrema, lo que reduce el riesgo de c\u00e1ncer de piel. Las personas en latitudes m\u00e1s altas, donde la luz solar es menos intensa, necesitan una piel m\u00e1s clara para producir vitamina D eficazmente. En todos los casos, quienes pose\u00edan las caracter\u00edsticas propicias para vivir en la zona permanecieron y se reprodujeron. Quienes no, se fueron o desaparecieron.<\/span><\/div><div>\u00a0<\/div><div><span>A lo largo de varias generaciones, estas cualidades favorables se transmitir\u00edan al acervo gen\u00e9tico, y las menos favorables tender\u00edan a desaparecer.<\/span><\/div><div><span> Por lo tanto, la variabilidad gen\u00e9tica en poblaciones aisladas disminuye lentamente.<\/span><\/div><div>\u00a0<\/div><div><span>As\u00ed, hoy en d\u00eda, las personas de piel muy oscura suelen tener hijos de piel oscura, y las personas de piel muy clara suelen tener hijos de piel clara.<\/span><\/div><div>\u00a0<\/div><div><span>Sin embargo, las personas de piel morena media suelen tener hijos con una variedad mucho mayor de tonos de piel. \u00bfPor qu\u00e9? Porque estos grupos de personas de piel morena media a\u00fan presentan una variabilidad gen\u00e9tica significativa en cuanto al tono de piel.<\/span><\/div><\/div><\/div><\/div><\/div><\/div><\/section><\/div>\t\t\t\t\t\t\t\t<\/div>\n\t\t\t\t<\/div>\n\t\t\t\t\t<\/div>\n\t\t<\/div>\n\t\t\t\t\t<\/div>\n\t\t<\/section>\n\t\t\t\t<\/div>","protected":false},"featured_media":0,"template":"","categories":[142],"class_list":["post-21398","el-tallo","type-el-tallo","status-publish","hentry","category-cientifica"],"yoast_head":"<!-- This site is optimized with the Yoast SEO Premium plugin v22.8 (Yoast SEO v27.4) - https:\/\/yoast.com\/product\/yoast-seo-premium-wordpress\/ -->\n<title>Una sola raza humana - CIG22<\/title>\n<meta name=\"robots\" content=\"index, follow, max-snippet:-1, max-image-preview:large, max-video-preview:-1\" \/>\n<link rel=\"canonical\" href=\"https:\/\/cig22.com\/ru\/el-tallo\/una-sola-raza-humana\/\" \/>\n<meta property=\"og:locale\" content=\"ru_RU\" \/>\n<meta property=\"og:type\" content=\"article\" \/>\n<meta property=\"og:title\" content=\"Una sola raza humana\" \/>\n<meta property=\"og:description\" content=\"Una sola raza humana Mucha gente trata a los dem\u00e1s de forma diferente, dependiendo de estas supuestas cualidades raciales. Creen que estas distinciones van m\u00e1s all\u00e1 de lo superficial y que tienen ramificaciones en su valor como seres humanos, e incluso en su posici\u00f3n en la \u00abescala evolutiva\u00bb. \u00bfTiene sentido? \u00bfCu\u00e1ntas \u00abrazas\u00bb existen? \u00bfC\u00f3mo se [&hellip;]\" \/>\n<meta property=\"og:url\" content=\"https:\/\/cig22.com\/ru\/el-tallo\/una-sola-raza-humana\/\" \/>\n<meta property=\"og:site_name\" content=\"CIG22\" \/>\n<meta property=\"article:modified_time\" content=\"2025-05-26T20:48:23+00:00\" \/>\n<meta property=\"og:image\" content=\"https:\/\/cig22.com\/wp-content\/uploads\/el-tallo-white.png\" \/>\n<meta name=\"twitter:card\" content=\"summary_large_image\" \/>\n<meta name=\"twitter:label1\" content=\"Est. reading time\" \/>\n\t<meta name=\"twitter:data1\" content=\"5 minutes\" \/>\n<script type=\"application\/ld+json\" class=\"yoast-schema-graph\">{\"@context\":\"https:\\\/\\\/schema.org\",\"@graph\":[{\"@type\":\"WebPage\",\"@id\":\"https:\\\/\\\/cig22.com\\\/el-tallo\\\/una-sola-raza-humana\\\/\",\"url\":\"https:\\\/\\\/cig22.com\\\/el-tallo\\\/una-sola-raza-humana\\\/\",\"name\":\"Una sola raza humana - CIG22\",\"isPartOf\":{\"@id\":\"https:\\\/\\\/cig22.com\\\/#website\"},\"primaryImageOfPage\":{\"@id\":\"https:\\\/\\\/cig22.com\\\/el-tallo\\\/una-sola-raza-humana\\\/#primaryimage\"},\"image\":{\"@id\":\"https:\\\/\\\/cig22.com\\\/el-tallo\\\/una-sola-raza-humana\\\/#primaryimage\"},\"thumbnailUrl\":\"https:\\\/\\\/cig22.com\\\/wp-content\\\/uploads\\\/el-tallo-white.png\",\"datePublished\":\"2025-05-26T20:42:54+00:00\",\"dateModified\":\"2025-05-26T20:48:23+00:00\",\"breadcrumb\":{\"@id\":\"https:\\\/\\\/cig22.com\\\/el-tallo\\\/una-sola-raza-humana\\\/#breadcrumb\"},\"inLanguage\":\"ru-RU\",\"potentialAction\":[{\"@type\":\"ReadAction\",\"target\":[\"https:\\\/\\\/cig22.com\\\/el-tallo\\\/una-sola-raza-humana\\\/\"]}]},{\"@type\":\"ImageObject\",\"inLanguage\":\"ru-RU\",\"@id\":\"https:\\\/\\\/cig22.com\\\/el-tallo\\\/una-sola-raza-humana\\\/#primaryimage\",\"url\":\"https:\\\/\\\/cig22.com\\\/wp-content\\\/uploads\\\/el-tallo-white.png\",\"contentUrl\":\"https:\\\/\\\/cig22.com\\\/wp-content\\\/uploads\\\/el-tallo-white.png\"},{\"@type\":\"BreadcrumbList\",\"@id\":\"https:\\\/\\\/cig22.com\\\/el-tallo\\\/una-sola-raza-humana\\\/#breadcrumb\",\"itemListElement\":[{\"@type\":\"ListItem\",\"position\":1,\"name\":\"Portada\",\"item\":\"https:\\\/\\\/cig22.com\\\/\"},{\"@type\":\"ListItem\",\"position\":2,\"name\":\"Una sola raza humana\"}]},{\"@type\":\"WebSite\",\"@id\":\"https:\\\/\\\/cig22.com\\\/#website\",\"url\":\"https:\\\/\\\/cig22.com\\\/\",\"name\":\"Apoyo Mutuo\",\"description\":\"\",\"publisher\":{\"@id\":\"https:\\\/\\\/cig22.com\\\/#organization\"},\"potentialAction\":[{\"@type\":\"SearchAction\",\"target\":{\"@type\":\"EntryPoint\",\"urlTemplate\":\"https:\\\/\\\/cig22.com\\\/?s={search_term_string}\"},\"query-input\":{\"@type\":\"PropertyValueSpecification\",\"valueRequired\":true,\"valueName\":\"search_term_string\"}}],\"inLanguage\":\"ru-RU\"},{\"@type\":\"Organization\",\"@id\":\"https:\\\/\\\/cig22.com\\\/#organization\",\"name\":\"Apoyo Mutuo\",\"url\":\"https:\\\/\\\/cig22.com\\\/\",\"logo\":{\"@type\":\"ImageObject\",\"inLanguage\":\"ru-RU\",\"@id\":\"https:\\\/\\\/cig22.com\\\/#\\\/schema\\\/logo\\\/image\\\/\",\"url\":\"https:\\\/\\\/cig22.com\\\/wp-content\\\/uploads\\\/2024\\\/05\\\/logo.png\",\"contentUrl\":\"https:\\\/\\\/cig22.com\\\/wp-content\\\/uploads\\\/2024\\\/05\\\/logo.png\",\"width\":618,\"height\":217,\"caption\":\"Apoyo Mutuo\"},\"image\":{\"@id\":\"https:\\\/\\\/cig22.com\\\/#\\\/schema\\\/logo\\\/image\\\/\"}}]}<\/script>\n<!-- \/ Yoast SEO Premium plugin. -->","yoast_head_json":{"title":"Una sola raza humana - CIG22","robots":{"index":"index","follow":"follow","max-snippet":"max-snippet:-1","max-image-preview":"max-image-preview:large","max-video-preview":"max-video-preview:-1"},"canonical":"https:\/\/cig22.com\/ru\/el-tallo\/una-sola-raza-humana\/","og_locale":"ru_RU","og_type":"article","og_title":"Una sola raza humana","og_description":"Una sola raza humana Mucha gente trata a los dem\u00e1s de forma diferente, dependiendo de estas supuestas cualidades raciales. Creen que estas distinciones van m\u00e1s all\u00e1 de lo superficial y que tienen ramificaciones en su valor como seres humanos, e incluso en su posici\u00f3n en la \u00abescala evolutiva\u00bb. \u00bfTiene sentido? \u00bfCu\u00e1ntas \u00abrazas\u00bb existen? \u00bfC\u00f3mo se [&hellip;]","og_url":"https:\/\/cig22.com\/ru\/el-tallo\/una-sola-raza-humana\/","og_site_name":"CIG22","article_modified_time":"2025-05-26T20:48:23+00:00","og_image":[{"url":"https:\/\/cig22.com\/wp-content\/uploads\/el-tallo-white.png","type":"","width":"","height":""}],"twitter_card":"summary_large_image","twitter_misc":{"Est. reading time":"5 minutes"},"schema":{"@context":"https:\/\/schema.org","@graph":[{"@type":"WebPage","@id":"https:\/\/cig22.com\/el-tallo\/una-sola-raza-humana\/","url":"https:\/\/cig22.com\/el-tallo\/una-sola-raza-humana\/","name":"Una sola raza humana - CIG22","isPartOf":{"@id":"https:\/\/cig22.com\/#website"},"primaryImageOfPage":{"@id":"https:\/\/cig22.com\/el-tallo\/una-sola-raza-humana\/#primaryimage"},"image":{"@id":"https:\/\/cig22.com\/el-tallo\/una-sola-raza-humana\/#primaryimage"},"thumbnailUrl":"https:\/\/cig22.com\/wp-content\/uploads\/el-tallo-white.png","datePublished":"2025-05-26T20:42:54+00:00","dateModified":"2025-05-26T20:48:23+00:00","breadcrumb":{"@id":"https:\/\/cig22.com\/el-tallo\/una-sola-raza-humana\/#breadcrumb"},"inLanguage":"ru-RU","potentialAction":[{"@type":"ReadAction","target":["https:\/\/cig22.com\/el-tallo\/una-sola-raza-humana\/"]}]},{"@type":"ImageObject","inLanguage":"ru-RU","@id":"https:\/\/cig22.com\/el-tallo\/una-sola-raza-humana\/#primaryimage","url":"https:\/\/cig22.com\/wp-content\/uploads\/el-tallo-white.png","contentUrl":"https:\/\/cig22.com\/wp-content\/uploads\/el-tallo-white.png"},{"@type":"BreadcrumbList","@id":"https:\/\/cig22.com\/el-tallo\/una-sola-raza-humana\/#breadcrumb","itemListElement":[{"@type":"ListItem","position":1,"name":"Portada","item":"https:\/\/cig22.com\/"},{"@type":"ListItem","position":2,"name":"Una sola raza humana"}]},{"@type":"WebSite","@id":"https:\/\/cig22.com\/#website","url":"https:\/\/cig22.com\/","name":"\u0412\u0437\u0430\u0438\u043c\u043d\u0430\u044f \u043f\u043e\u0434\u0434\u0435\u0440\u0436\u043a\u0430","description":"","publisher":{"@id":"https:\/\/cig22.com\/#organization"},"potentialAction":[{"@type":"SearchAction","target":{"@type":"EntryPoint","urlTemplate":"https:\/\/cig22.com\/?s={search_term_string}"},"query-input":{"@type":"PropertyValueSpecification","valueRequired":true,"valueName":"search_term_string"}}],"inLanguage":"ru-RU"},{"@type":"Organization","@id":"https:\/\/cig22.com\/#organization","name":"\u0412\u0437\u0430\u0438\u043c\u043d\u0430\u044f \u043f\u043e\u0434\u0434\u0435\u0440\u0436\u043a\u0430","url":"https:\/\/cig22.com\/","logo":{"@type":"ImageObject","inLanguage":"ru-RU","@id":"https:\/\/cig22.com\/#\/schema\/logo\/image\/","url":"https:\/\/cig22.com\/wp-content\/uploads\/2024\/05\/logo.png","contentUrl":"https:\/\/cig22.com\/wp-content\/uploads\/2024\/05\/logo.png","width":618,"height":217,"caption":"Apoyo Mutuo"},"image":{"@id":"https:\/\/cig22.com\/#\/schema\/logo\/image\/"}}]}},"_links":{"self":[{"href":"https:\/\/cig22.com\/ru\/wp-json\/wp\/v2\/el-tallo\/21398","targetHints":{"allow":["GET"]}}],"collection":[{"href":"https:\/\/cig22.com\/ru\/wp-json\/wp\/v2\/el-tallo"}],"about":[{"href":"https:\/\/cig22.com\/ru\/wp-json\/wp\/v2\/types\/el-tallo"}],"version-history":[{"count":7,"href":"https:\/\/cig22.com\/ru\/wp-json\/wp\/v2\/el-tallo\/21398\/revisions"}],"predecessor-version":[{"id":21462,"href":"https:\/\/cig22.com\/ru\/wp-json\/wp\/v2\/el-tallo\/21398\/revisions\/21462"}],"wp:attachment":[{"href":"https:\/\/cig22.com\/ru\/wp-json\/wp\/v2\/media?parent=21398"}],"wp:term":[{"taxonomy":"category","embeddable":true,"href":"https:\/\/cig22.com\/ru\/wp-json\/wp\/v2\/categories?post=21398"}],"curies":[{"name":"wp","href":"https:\/\/api.w.org\/{rel}","templated":true}]}}