{"id":16510,"date":"2025-04-02T02:01:31","date_gmt":"2025-04-02T02:01:31","guid":{"rendered":"https:\/\/cig22.com\/?post_type=la-raiz&#038;p=16510"},"modified":"2025-09-08T13:14:53","modified_gmt":"2025-09-08T13:14:53","slug":"vida","status":"publish","type":"la-raiz","link":"https:\/\/cig22.com\/en\/la-raiz\/vida\/","title":{"rendered":"Vida"},"content":{"rendered":"<div data-elementor-type=\"wp-post\" data-elementor-id=\"16510\" class=\"elementor elementor-16510\" data-elementor-post-type=\"la-raiz\">\n\t\t\t\t\t\t<section class=\"elementor-section elementor-top-section elementor-element elementor-element-3e42b8f elementor-section-full_width elementor-section-stretched elementor-section-height-default elementor-section-height-default\" data-id=\"3e42b8f\" data-element_type=\"section\" data-e-type=\"section\" data-settings=\"{&quot;stretch_section&quot;:&quot;section-stretched&quot;,&quot;background_background&quot;:&quot;classic&quot;}\">\n\t\t\t\t\t\t<div class=\"elementor-container elementor-column-gap-no\">\n\t\t\t\t\t<div class=\"elementor-column elementor-col-100 elementor-top-column elementor-element elementor-element-b1cc9a6\" data-id=\"b1cc9a6\" data-element_type=\"column\" data-e-type=\"column\">\n\t\t\t<div class=\"elementor-widget-wrap elementor-element-populated\">\n\t\t\t\t\t\t<div class=\"elementor-element elementor-element-ccea5a6 elementor-widget elementor-widget-image\" data-id=\"ccea5a6\" data-element_type=\"widget\" data-e-type=\"widget\" data-widget_type=\"image.default\">\n\t\t\t\t<div class=\"elementor-widget-container\">\n\t\t\t\t\t\t\t\t\t\t\t\t\t\t\t<img fetchpriority=\"high\" decoding=\"async\" width=\"707\" height=\"96\" src=\"https:\/\/cig22.com\/wp-content\/uploads\/la-raiz-de-todo-white.png\" class=\"attachment-large size-large wp-image-13942\" alt=\"\" srcset=\"https:\/\/cig22.com\/wp-content\/uploads\/la-raiz-de-todo-white.png 707w, https:\/\/cig22.com\/wp-content\/uploads\/la-raiz-de-todo-white-300x41.png 300w, https:\/\/cig22.com\/wp-content\/uploads\/la-raiz-de-todo-white-600x81.png 600w\" sizes=\"(max-width: 707px) 100vw, 707px\" \/>\t\t\t\t\t\t\t\t\t\t\t\t\t\t\t<\/div>\n\t\t\t\t<\/div>\n\t\t\t\t\t<\/div>\n\t\t<\/div>\n\t\t\t\t\t<\/div>\n\t\t<\/section>\n\t\t\t\t<section class=\"elementor-section elementor-top-section elementor-element elementor-element-93d58fb elementor-section-full_width elementor-section-height-default elementor-section-height-default\" data-id=\"93d58fb\" data-element_type=\"section\" data-e-type=\"section\">\n\t\t\t\t\t\t<div class=\"elementor-container elementor-column-gap-no\">\n\t\t\t\t\t<div class=\"elementor-column elementor-col-100 elementor-top-column elementor-element elementor-element-17e229c\" data-id=\"17e229c\" data-element_type=\"column\" data-e-type=\"column\">\n\t\t\t<div class=\"elementor-widget-wrap elementor-element-populated\">\n\t\t\t\t\t\t<div class=\"elementor-element elementor-element-e42ec2e elementor-widget elementor-widget-heading\" data-id=\"e42ec2e\" data-element_type=\"widget\" data-e-type=\"widget\" data-widget_type=\"heading.default\">\n\t\t\t\t<div class=\"elementor-widget-container\">\n\t\t\t\t\t<h2 class=\"elementor-heading-title elementor-size-default\">Vida<\/h2>\t\t\t\t<\/div>\n\t\t\t\t<\/div>\n\t\t\t\t<div class=\"elementor-element elementor-element-9af268f elementor-widget elementor-widget-text-editor\" data-id=\"9af268f\" data-element_type=\"widget\" data-e-type=\"widget\" data-widget_type=\"text-editor.default\">\n\t\t\t\t<div class=\"elementor-widget-container\">\n\t\t\t\t\t\t\t\t\t<p>La pregunta a contestar es acerca de su origen, en ambas posturas se suele tomar una posici\u00f3n con respecto a la siguiente interrogante \u00bfque fue primero el huevo o la gallina?&nbsp;<\/p>\n<p>La respuesta es que ninguna \u00bfy c\u00f3mo es esto posible? te preguntar\u00e1s, si vemos que ambas existen, lo que tienes que preguntarte primero es \u00bfque fue primero la vida o la no vida? ya que sin vida no hay ninguna.&nbsp;<\/p>\n<p><strong>Sabemos que la vida siempre procede de la vida,&nbsp;<\/strong>y ning\u00fan experimento ha podido evidenciar lo contrario, la respuesta a la pregunta podremos conocerla por a\u00f1adidura al saber la ra\u00edz de todo.&nbsp;<\/p>\n<p>\u00bfY cual es la forma de vida m\u00e1s diminuta del mundo? las c\u00e9lulas.&nbsp;<\/p>\n<p><strong>Ya que no se ha podido evidenciar ni probar que de la no vida surja la vida,&nbsp;<\/strong>el presente y la experimentaci\u00f3n basado en ello, nos indica la firme regla de que la vida siempre necesita de la vida para continuar existiendo, a lo que se le llama <strong>energ\u00eda constante.<\/strong><\/p>\n<p>El proceso circunstancial necesita quebrantar la energ\u00eda constante de la vida <strong>para que esta tenga un principio provocado por un proceso natural<\/strong> que no pueden explicar ni experimentar.&nbsp;<\/p>\n<ul>\n<li>Por tanto ya hemos encontrado la primera barrera esencial del proceso circunstancial, <strong>crear vida.&nbsp;<\/strong><\/li>\n<\/ul>\n<p>Apartir de las mol\u00e9culas inertes en un ambiente prebi\u00f3tico, y siendo m\u00e1s compasivos darles todo lo necesario para que lo hagan, \u00bfy que es lo que tenemos? <strong>ning\u00fan resultado<\/strong> pero en la ra\u00edz de todo no somos compasivos.&nbsp;<\/p>\n<p>En el ambiente prebi\u00f3tico contaban con mol\u00e9culas inertes como el amon\u00edaco, el metano, el ox\u00edgeno, el di\u00f3xido de carbono, el sulfuro de hidr\u00f3geno, el sulfato, el agua, el formaldeh\u00eddo, el carbonato, el formiato y el cianuro.<\/p>\n<p>Las afirmaciones cient\u00edficas de grandes revistas dicen que s\u00ed han creado vida, desde ya tienes que saber que todos son falsos y est\u00e1n descontextualizados, para confundir y enga\u00f1ar, ver\u00e1s esto m\u00e1s a detalle m\u00e1s adelante pero es esencial que primero conozcas las siguientes secciones.<\/p>\t\t\t\t\t\t\t\t<\/div>\n\t\t\t\t<\/div>\n\t\t\t\t\t<\/div>\n\t\t<\/div>\n\t\t\t\t\t<\/div>\n\t\t<\/section>\n\t\t\t\t<\/div>","protected":false},"featured_media":0,"template":"","class_list":["post-16510","la-raiz","type-la-raiz","status-publish","hentry"],"yoast_head":"<!-- This site is optimized with the Yoast SEO Premium plugin v22.8 (Yoast SEO v27.4) - https:\/\/yoast.com\/product\/yoast-seo-premium-wordpress\/ -->\n<title>Vida - CIG22<\/title>\n<meta name=\"robots\" content=\"index, follow, max-snippet:-1, max-image-preview:large, max-video-preview:-1\" \/>\n<link rel=\"canonical\" href=\"https:\/\/cig22.com\/en\/la-raiz\/vida\/\" \/>\n<meta property=\"og:locale\" content=\"en_US\" \/>\n<meta property=\"og:type\" content=\"article\" \/>\n<meta property=\"og:title\" content=\"Vida\" \/>\n<meta property=\"og:description\" content=\"Vida La pregunta a contestar es acerca de su origen, en ambas posturas se suele tomar una posici\u00f3n con respecto a la siguiente interrogante \u00bfque fue primero el huevo o la gallina?&nbsp; La respuesta es que ninguna \u00bfy c\u00f3mo es esto posible? te preguntar\u00e1s, si vemos que ambas existen, lo que tienes que preguntarte primero [&hellip;]\" \/>\n<meta property=\"og:url\" content=\"https:\/\/cig22.com\/en\/la-raiz\/vida\/\" \/>\n<meta property=\"og:site_name\" content=\"CIG22\" \/>\n<meta property=\"article:modified_time\" content=\"2025-09-08T13:14:53+00:00\" \/>\n<meta property=\"og:image\" content=\"https:\/\/cig22.com\/wp-content\/uploads\/la-raiz-de-todo-white.png\" \/>\n\t<meta property=\"og:image:width\" content=\"707\" \/>\n\t<meta property=\"og:image:height\" content=\"96\" \/>\n\t<meta property=\"og:image:type\" content=\"image\/png\" \/>\n<meta name=\"twitter:card\" content=\"summary_large_image\" \/>\n<meta name=\"twitter:label1\" content=\"Est. reading time\" \/>\n\t<meta name=\"twitter:data1\" content=\"2 minutes\" \/>\n<script type=\"application\/ld+json\" class=\"yoast-schema-graph\">{\"@context\":\"https:\\\/\\\/schema.org\",\"@graph\":[{\"@type\":\"WebPage\",\"@id\":\"https:\\\/\\\/cig22.com\\\/la-raiz\\\/vida\\\/\",\"url\":\"https:\\\/\\\/cig22.com\\\/la-raiz\\\/vida\\\/\",\"name\":\"Vida - CIG22\",\"isPartOf\":{\"@id\":\"https:\\\/\\\/cig22.com\\\/#website\"},\"primaryImageOfPage\":{\"@id\":\"https:\\\/\\\/cig22.com\\\/la-raiz\\\/vida\\\/#primaryimage\"},\"image\":{\"@id\":\"https:\\\/\\\/cig22.com\\\/la-raiz\\\/vida\\\/#primaryimage\"},\"thumbnailUrl\":\"https:\\\/\\\/cig22.com\\\/wp-content\\\/uploads\\\/la-raiz-de-todo-white.png\",\"datePublished\":\"2025-04-02T02:01:31+00:00\",\"dateModified\":\"2025-09-08T13:14:53+00:00\",\"breadcrumb\":{\"@id\":\"https:\\\/\\\/cig22.com\\\/la-raiz\\\/vida\\\/#breadcrumb\"},\"inLanguage\":\"en-US\",\"potentialAction\":[{\"@type\":\"ReadAction\",\"target\":[\"https:\\\/\\\/cig22.com\\\/la-raiz\\\/vida\\\/\"]}]},{\"@type\":\"ImageObject\",\"inLanguage\":\"en-US\",\"@id\":\"https:\\\/\\\/cig22.com\\\/la-raiz\\\/vida\\\/#primaryimage\",\"url\":\"https:\\\/\\\/cig22.com\\\/wp-content\\\/uploads\\\/la-raiz-de-todo-white.png\",\"contentUrl\":\"https:\\\/\\\/cig22.com\\\/wp-content\\\/uploads\\\/la-raiz-de-todo-white.png\"},{\"@type\":\"BreadcrumbList\",\"@id\":\"https:\\\/\\\/cig22.com\\\/la-raiz\\\/vida\\\/#breadcrumb\",\"itemListElement\":[{\"@type\":\"ListItem\",\"position\":1,\"name\":\"Portada\",\"item\":\"https:\\\/\\\/cig22.com\\\/\"},{\"@type\":\"ListItem\",\"position\":2,\"name\":\"Vida\"}]},{\"@type\":\"WebSite\",\"@id\":\"https:\\\/\\\/cig22.com\\\/#website\",\"url\":\"https:\\\/\\\/cig22.com\\\/\",\"name\":\"Apoyo Mutuo\",\"description\":\"\",\"publisher\":{\"@id\":\"https:\\\/\\\/cig22.com\\\/#organization\"},\"potentialAction\":[{\"@type\":\"SearchAction\",\"target\":{\"@type\":\"EntryPoint\",\"urlTemplate\":\"https:\\\/\\\/cig22.com\\\/?s={search_term_string}\"},\"query-input\":{\"@type\":\"PropertyValueSpecification\",\"valueRequired\":true,\"valueName\":\"search_term_string\"}}],\"inLanguage\":\"en-US\"},{\"@type\":\"Organization\",\"@id\":\"https:\\\/\\\/cig22.com\\\/#organization\",\"name\":\"Apoyo Mutuo\",\"url\":\"https:\\\/\\\/cig22.com\\\/\",\"logo\":{\"@type\":\"ImageObject\",\"inLanguage\":\"en-US\",\"@id\":\"https:\\\/\\\/cig22.com\\\/#\\\/schema\\\/logo\\\/image\\\/\",\"url\":\"https:\\\/\\\/cig22.com\\\/wp-content\\\/uploads\\\/2024\\\/05\\\/logo.png\",\"contentUrl\":\"https:\\\/\\\/cig22.com\\\/wp-content\\\/uploads\\\/2024\\\/05\\\/logo.png\",\"width\":618,\"height\":217,\"caption\":\"Apoyo Mutuo\"},\"image\":{\"@id\":\"https:\\\/\\\/cig22.com\\\/#\\\/schema\\\/logo\\\/image\\\/\"}}]}<\/script>\n<!-- \/ Yoast SEO Premium plugin. -->","yoast_head_json":{"title":"Vida - CIG22","robots":{"index":"index","follow":"follow","max-snippet":"max-snippet:-1","max-image-preview":"max-image-preview:large","max-video-preview":"max-video-preview:-1"},"canonical":"https:\/\/cig22.com\/en\/la-raiz\/vida\/","og_locale":"en_US","og_type":"article","og_title":"Vida","og_description":"Vida La pregunta a contestar es acerca de su origen, en ambas posturas se suele tomar una posici\u00f3n con respecto a la siguiente interrogante \u00bfque fue primero el huevo o la gallina?&nbsp; La respuesta es que ninguna \u00bfy c\u00f3mo es esto posible? te preguntar\u00e1s, si vemos que ambas existen, lo que tienes que preguntarte primero [&hellip;]","og_url":"https:\/\/cig22.com\/en\/la-raiz\/vida\/","og_site_name":"CIG22","article_modified_time":"2025-09-08T13:14:53+00:00","og_image":[{"width":707,"height":96,"url":"https:\/\/cig22.com\/wp-content\/uploads\/la-raiz-de-todo-white.png","type":"image\/png"}],"twitter_card":"summary_large_image","twitter_misc":{"Est. reading time":"2 minutes"},"schema":{"@context":"https:\/\/schema.org","@graph":[{"@type":"WebPage","@id":"https:\/\/cig22.com\/la-raiz\/vida\/","url":"https:\/\/cig22.com\/la-raiz\/vida\/","name":"Vida - CIG22","isPartOf":{"@id":"https:\/\/cig22.com\/#website"},"primaryImageOfPage":{"@id":"https:\/\/cig22.com\/la-raiz\/vida\/#primaryimage"},"image":{"@id":"https:\/\/cig22.com\/la-raiz\/vida\/#primaryimage"},"thumbnailUrl":"https:\/\/cig22.com\/wp-content\/uploads\/la-raiz-de-todo-white.png","datePublished":"2025-04-02T02:01:31+00:00","dateModified":"2025-09-08T13:14:53+00:00","breadcrumb":{"@id":"https:\/\/cig22.com\/la-raiz\/vida\/#breadcrumb"},"inLanguage":"en-US","potentialAction":[{"@type":"ReadAction","target":["https:\/\/cig22.com\/la-raiz\/vida\/"]}]},{"@type":"ImageObject","inLanguage":"en-US","@id":"https:\/\/cig22.com\/la-raiz\/vida\/#primaryimage","url":"https:\/\/cig22.com\/wp-content\/uploads\/la-raiz-de-todo-white.png","contentUrl":"https:\/\/cig22.com\/wp-content\/uploads\/la-raiz-de-todo-white.png"},{"@type":"BreadcrumbList","@id":"https:\/\/cig22.com\/la-raiz\/vida\/#breadcrumb","itemListElement":[{"@type":"ListItem","position":1,"name":"Portada","item":"https:\/\/cig22.com\/"},{"@type":"ListItem","position":2,"name":"Vida"}]},{"@type":"WebSite","@id":"https:\/\/cig22.com\/#website","url":"https:\/\/cig22.com\/","name":"Mutual Support","description":"","publisher":{"@id":"https:\/\/cig22.com\/#organization"},"potentialAction":[{"@type":"SearchAction","target":{"@type":"EntryPoint","urlTemplate":"https:\/\/cig22.com\/?s={search_term_string}"},"query-input":{"@type":"PropertyValueSpecification","valueRequired":true,"valueName":"search_term_string"}}],"inLanguage":"en-US"},{"@type":"Organization","@id":"https:\/\/cig22.com\/#organization","name":"Mutual Support","url":"https:\/\/cig22.com\/","logo":{"@type":"ImageObject","inLanguage":"en-US","@id":"https:\/\/cig22.com\/#\/schema\/logo\/image\/","url":"https:\/\/cig22.com\/wp-content\/uploads\/2024\/05\/logo.png","contentUrl":"https:\/\/cig22.com\/wp-content\/uploads\/2024\/05\/logo.png","width":618,"height":217,"caption":"Apoyo Mutuo"},"image":{"@id":"https:\/\/cig22.com\/#\/schema\/logo\/image\/"}}]}},"_links":{"self":[{"href":"https:\/\/cig22.com\/en\/wp-json\/wp\/v2\/la-raiz\/16510","targetHints":{"allow":["GET"]}}],"collection":[{"href":"https:\/\/cig22.com\/en\/wp-json\/wp\/v2\/la-raiz"}],"about":[{"href":"https:\/\/cig22.com\/en\/wp-json\/wp\/v2\/types\/la-raiz"}],"version-history":[{"count":43,"href":"https:\/\/cig22.com\/en\/wp-json\/wp\/v2\/la-raiz\/16510\/revisions"}],"predecessor-version":[{"id":28439,"href":"https:\/\/cig22.com\/en\/wp-json\/wp\/v2\/la-raiz\/16510\/revisions\/28439"}],"wp:attachment":[{"href":"https:\/\/cig22.com\/en\/wp-json\/wp\/v2\/media?parent=16510"}],"curies":[{"name":"wp","href":"https:\/\/api.w.org\/{rel}","templated":true}]}}